{"id":10670,"date":"2023-06-15T11:06:33","date_gmt":"2023-06-15T09:06:33","guid":{"rendered":"https:\/\/rh.laolaweb.com\/?page_id=10670"},"modified":"2023-10-06T10:57:23","modified_gmt":"2023-10-06T08:57:23","slug":"start","status":"publish","type":"page","link":"https:\/\/rheinhessenblog.de\/nl\/","title":{"rendered":"Start"},"content":{"rendered":"\t\t<div data-elementor-type=\"wp-page\" data-elementor-id=\"10670\" class=\"elementor elementor-10670\" data-elementor-settings=\"{&quot;ha_cmc_init_switcher&quot;:&quot;no&quot;}\" data-elementor-post-type=\"page\">\n\t\t\t\t<div class=\"elementor-element elementor-element-a76f205 e-con-full e-flex e-con e-parent\" data-id=\"a76f205\" data-element_type=\"container\" data-e-type=\"container\" data-settings=\"{&quot;background_background&quot;:&quot;classic&quot;,&quot;_ha_eqh_enable&quot;:false}\">\n\t\t<div class=\"elementor-element elementor-element-6c0db6d9 e-flex e-con-boxed e-con e-child\" data-id=\"6c0db6d9\" data-element_type=\"container\" data-e-type=\"container\" data-settings=\"{&quot;_ha_eqh_enable&quot;:false}\">\n\t\t\t\t\t<div class=\"e-con-inner\">\n\t\t\t\t<div class=\"elementor-element elementor-element-1a7b6055 elementor-widget elementor-widget-heading\" data-id=\"1a7b6055\" data-element_type=\"widget\" data-e-type=\"widget\" data-widget_type=\"heading.default\">\n\t\t\t\t<div class=\"elementor-widget-container\">\n\t\t\t\t\t<h2 class=\"elementor-heading-title elementor-size-default\">der rheinhessen-blog<\/h2>\t\t\t\t<\/div>\n\t\t\t\t<\/div>\n\t\t\t\t<div class=\"elementor-element elementor-element-21e72479 elementor-widget__width-initial elementor-widget elementor-widget-heading\" data-id=\"21e72479\" data-element_type=\"widget\" data-e-type=\"widget\" data-widget_type=\"heading.default\">\n\t\t\t\t<div class=\"elementor-widget-container\">\n\t\t\t\t\t<h1 class=\"elementor-heading-title elementor-size-default\">Entdecke spannende Geschichten der Weinerlebnisregion<\/h1>\t\t\t\t<\/div>\n\t\t\t\t<\/div>\n\t\t\t\t\t<\/div>\n\t\t\t\t<\/div>\n\t\t\t\t<\/div>\n\t\t<div class=\"elementor-element elementor-element-8f0b92a e-flex e-con-boxed e-con e-parent\" data-id=\"8f0b92a\" data-element_type=\"container\" data-e-type=\"container\" data-settings=\"{&quot;_ha_eqh_enable&quot;:false}\">\n\t\t\t\t\t<div class=\"e-con-inner\">\n\t\t\t\t<div class=\"elementor-element elementor-element-2274b57 elementor-widget elementor-widget-heading\" data-id=\"2274b57\" data-element_type=\"widget\" data-e-type=\"widget\" data-widget_type=\"heading.default\">\n\t\t\t\t<div class=\"elementor-widget-container\">\n\t\t\t\t\t<h2 class=\"elementor-heading-title elementor-size-default\">Was willst du erleben?<\/h2>\t\t\t\t<\/div>\n\t\t\t\t<\/div>\n\t\t\t\t\t<\/div>\n\t\t\t\t<\/div>\n\t\t<div class=\"elementor-element elementor-element-45b0ab1f bg-cont e-flex e-con-boxed e-con e-parent\" data-id=\"45b0ab1f\" data-element_type=\"container\" data-e-type=\"container\" data-settings=\"{&quot;background_background&quot;:&quot;classic&quot;,&quot;_ha_eqh_enable&quot;:false}\">\n\t\t\t\t\t<div class=\"e-con-inner\">\n\t\t<div class=\"elementor-element elementor-element-d59642b e-flex e-con-boxed e-con e-child\" data-id=\"d59642b\" data-element_type=\"container\" data-e-type=\"container\" data-settings=\"{&quot;_ha_eqh_enable&quot;:false}\">\n\t\t\t\t\t<div class=\"e-con-inner\">\n\t\t\t\t<div class=\"elementor-element elementor-element-3cacf7c6 elementor-grid-3 elementor-grid-tablet-2 elementor-grid-mobile-1 elementor-widget elementor-widget-loop-grid\" data-id=\"3cacf7c6\" data-element_type=\"widget\" data-e-type=\"widget\" id=\"categorylist\" data-settings=\"{&quot;template_id&quot;:&quot;10658&quot;,&quot;pagination_type&quot;:&quot;numbers_and_prev_next&quot;,&quot;_skin&quot;:&quot;post&quot;,&quot;columns&quot;:&quot;3&quot;,&quot;columns_tablet&quot;:&quot;2&quot;,&quot;columns_mobile&quot;:&quot;1&quot;,&quot;edit_handle_selector&quot;:&quot;[data-elementor-type=\\&quot;loop-item\\&quot;]&quot;,&quot;pagination_load_type&quot;:&quot;page_reload&quot;,&quot;row_gap&quot;:{&quot;unit&quot;:&quot;px&quot;,&quot;size&quot;:&quot;&quot;,&quot;sizes&quot;:[]},&quot;row_gap_laptop&quot;:{&quot;unit&quot;:&quot;px&quot;,&quot;size&quot;:&quot;&quot;,&quot;sizes&quot;:[]},&quot;row_gap_tablet&quot;:{&quot;unit&quot;:&quot;px&quot;,&quot;size&quot;:&quot;&quot;,&quot;sizes&quot;:[]},&quot;row_gap_mobile&quot;:{&quot;unit&quot;:&quot;px&quot;,&quot;size&quot;:&quot;&quot;,&quot;sizes&quot;:[]}}\" data-widget_type=\"loop-grid.post\">\n\t\t\t\t<div class=\"elementor-widget-container\">\n\t\t\t\t\t\t\t<div class=\"elementor-loop-container elementor-grid\" role=\"list\">\n\t\t<style id=\"loop-dynamic-10658\">.e-loop-item-18291 .elementor-element.elementor-element-56fda87:not(.elementor-motion-effects-element-type-background), .e-loop-item-18291 .elementor-element.elementor-element-56fda87 > .elementor-motion-effects-container > .elementor-motion-effects-layer{background-color:#688569;}<\/style><style id=\"loop-10658\">.elementor-10658 .elementor-element.elementor-element-c593506{--display:flex;--gap:0px 0px;--row-gap:0px;--column-gap:0px;--border-radius:4px 4px 4px 4px;--padding-top:0px;--padding-bottom:0px;--padding-left:0px;--padding-right:0px;}.elementor-10658 .elementor-element.elementor-element-c593506:not(.elementor-motion-effects-element-type-background), .elementor-10658 .elementor-element.elementor-element-c593506 > .elementor-motion-effects-container > .elementor-motion-effects-layer{background-color:#A1AF9E00;}.elementor-10658 .elementor-element.elementor-element-56fda87{--display:flex;--padding-top:20px;--padding-bottom:20px;--padding-left:20px;--padding-right:20px;}.elementor-10658 .elementor-element.elementor-element-4718779 .elementor-heading-title{font-family:\"Typewriter Condensed\", Sans-serif;font-size:27px;font-weight:300;letter-spacing:-3px;color:#FFFFFF;}.elementor-10658 .elementor-element.elementor-element-b1cabc4 .elementor-icon-list-icon i{color:#FFFFFF;}.elementor-10658 .elementor-element.elementor-element-b1cabc4 .elementor-icon-list-icon svg{fill:#FFFFFF;}.elementor-10658 .elementor-element.elementor-element-b1cabc4 .elementor-icon-list-text, .elementor-10658 .elementor-element.elementor-element-b1cabc4 .elementor-icon-list-text a{color:#FFFFFF;}.elementor-10658 .elementor-element.elementor-element-b1cabc4 .elementor-icon-list-item{font-family:\"Meta Pro\", Sans-serif;font-size:13px;font-weight:400;}.elementor-10658 .elementor-element.elementor-element-b1cabc4{width:100%;max-width:100%;}.elementor-10658 .elementor-element.elementor-element-b1cabc4.elementor-element{--flex-grow:1;--flex-shrink:0;}.elementor-10658 .elementor-element.elementor-element-219017d img{height:345px;object-fit:cover;object-position:center center;}.elementor-10658 .elementor-element.elementor-element-1087e1c{text-align:end;color:#002C42;width:auto;max-width:auto;}.elementor-10658 .elementor-element.elementor-element-1087e1c > .elementor-widget-container{margin:-67px 0px 0px 0px;padding:7px 20px 4px 0px;}.elementor-10658 .elementor-element.elementor-element-1087e1c.ha-has-bg-overlay:hover > .elementor-widget-container::before{transition:background 0.3s;}@media(max-width:767px){.elementor-10658 .elementor-element.elementor-element-1087e1c > .elementor-widget-container{margin:-72px 0px 0px 0px;padding:10px 0px 7px 0px;}}@media(min-width:768px){.elementor-10658 .elementor-element.elementor-element-c593506{--content-width:100%;}}\/* Start custom CSS for text-editor, class: .elementor-element-1087e1c *\/.kat .elementor-widget-container{\nbackground: rgba( 255, 255, 255, 0.675 );\n\nbackdrop-filter: blur( 4px );\n-webkit-backdrop-filter: blur( 4px );\n\n}\n\n.elementor-10658 .elementor-element.elementor-element-1087e1c a{\n    color:#002C42;\n}\/* End custom CSS *\/\n\/* Start custom CSS for container, class: .elementor-element-c593506 *\/.elementor-10658 .elementor-element.elementor-element-c593506 { max-width: 373px; }\/* End custom CSS *\/<\/style>\t\t<div data-elementor-type=\"loop-item\" data-elementor-id=\"10658\" class=\"elementor elementor-10658 e-loop-item e-loop-item-18291 post-18291 post type-post status-publish format-standard has-post-thumbnail hentry category-wandern tag-hiwweltour tag-praedikatswanderweg tag-saulheim tag-saulheimer-hoelle\" data-elementor-settings=\"{&quot;ha_cmc_init_switcher&quot;:&quot;no&quot;}\" data-elementor-post-type=\"elementor_library\" data-custom-edit-handle=\"1\">\n\t\t\t<div class=\"elementor-element elementor-element-c593506 e-flex e-con-boxed e-con e-parent\" data-id=\"c593506\" data-element_type=\"container\" data-e-type=\"container\" data-settings=\"{&quot;background_background&quot;:&quot;classic&quot;,&quot;_ha_eqh_enable&quot;:false}\">\n\t\t\t\t\t<div class=\"e-con-inner\">\n\t\t<div class=\"elementor-element elementor-element-56fda87 e-flex e-con-boxed e-con e-child\" data-id=\"56fda87\" data-element_type=\"container\" data-e-type=\"container\" data-settings=\"{&quot;background_background&quot;:&quot;classic&quot;,&quot;_ha_eqh_enable&quot;:false}\">\n\t\t\t\t\t<div class=\"e-con-inner\">\n\t\t\t\t<div class=\"elementor-element elementor-element-4718779 elementor-widget elementor-widget-theme-post-title elementor-page-title elementor-widget-heading\" data-id=\"4718779\" data-element_type=\"widget\" data-e-type=\"widget\" data-widget_type=\"theme-post-title.default\">\n\t\t\t\t<div class=\"elementor-widget-container\">\n\t\t\t\t\t<h3 class=\"elementor-heading-title elementor-size-default\"><a href=\"https:\/\/rheinhessenblog.de\/nl\/hiwweltour-saulheimer-hoelle-wandern-in-rheinhessen\/\">Hiwweltour Saulheimer H\u00f6lle: Wandern in Rheinhessen<\/a><\/h3>\t\t\t\t<\/div>\n\t\t\t\t<\/div>\n\t\t\t\t<div class=\"elementor-element elementor-element-b1cabc4 elementor-widget__width-inherit elementor-widget elementor-widget-post-info\" data-id=\"b1cabc4\" data-element_type=\"widget\" data-e-type=\"widget\" data-widget_type=\"post-info.default\">\n\t\t\t\t<div class=\"elementor-widget-container\">\n\t\t\t\t\t\t\t<ul class=\"elementor-inline-items elementor-icon-list-items elementor-post-info\">\n\t\t\t\t\t\t\t\t<li class=\"elementor-icon-list-item elementor-repeater-item-7099f6d elementor-inline-item\" itemprop=\"datePublished\">\n\t\t\t\t\t\t\t\t\t\t\t\t\t<span class=\"elementor-icon-list-text elementor-post-info__item elementor-post-info__item--type-date\">\n\t\t\t\t\t\t\t\t\t\t<time>28. augustus 2026<\/time>\t\t\t\t\t<\/span>\n\t\t\t\t\t\t\t\t<\/li>\n\t\t\t\t<li class=\"elementor-icon-list-item elementor-repeater-item-750a35e elementor-inline-item\" itemprop=\"author\">\n\t\t\t\t\t\t<a href=\"https:\/\/rheinhessenblog.de\/nl\/author\/mueller\/\">\n\t\t\t\t\t\t\t\t\t\t\t\t\t\t<span class=\"elementor-icon-list-text elementor-post-info__item elementor-post-info__item--type-author\">\n\t\t\t\t\t\t\t\t\t\tHeiko M\u00fcller\t\t\t\t\t<\/span>\n\t\t\t\t\t\t\t\t\t<\/a>\n\t\t\t\t<\/li>\n\t\t\t\t<li class=\"elementor-icon-list-item elementor-repeater-item-6c422b3 elementor-inline-item\" itemprop=\"commentCount\">\n\t\t\t\t\t\t<a href=\"https:\/\/rheinhessenblog.de\/nl\/hiwweltour-saulheimer-hoelle-wandern-in-rheinhessen\/#respond\">\n\t\t\t\t\t\t\t\t\t\t\t\t\t\t<span class=\"elementor-icon-list-text elementor-post-info__item elementor-post-info__item--type-comments\">\n\t\t\t\t\t\t\t\t\t\t0 Kommentare\t\t\t\t\t<\/span>\n\t\t\t\t\t\t\t\t\t<\/a>\n\t\t\t\t<\/li>\n\t\t\t\t<\/ul>\n\t\t\t\t\t\t<\/div>\n\t\t\t\t<\/div>\n\t\t\t\t\t<\/div>\n\t\t\t\t<\/div>\n\t\t\t\t<div class=\"elementor-element elementor-element-219017d elementor-widget elementor-widget-theme-post-featured-image elementor-widget-image\" data-id=\"219017d\" data-element_type=\"widget\" data-e-type=\"widget\" data-widget_type=\"theme-post-featured-image.default\">\n\t\t\t\t<div class=\"elementor-widget-container\">\n\t\t\t\t\t\t\t\t\t\t\t\t\t\t\t\t<a href=\"https:\/\/rheinhessenblog.de\/nl\/hiwweltour-saulheimer-hoelle-wandern-in-rheinhessen\/\">\n\t\t\t\t\t\t\t<img fetchpriority=\"high\" decoding=\"async\" width=\"800\" height=\"532\" src=\"https:\/\/rheinhessenblog.de\/wp-content\/uploads\/2026\/08\/1-Die-idyllische-Muehlbachaue-1024x681.jpeg\" class=\"attachment-large size-large wp-image-18277\" alt=\"Idyllische M\u00fchlbachauen-Landschaft auf der Hiwweltour Saulheimer H\u00f6lle\" srcset=\"https:\/\/rheinhessenblog.de\/wp-content\/uploads\/2026\/08\/1-Die-idyllische-Muehlbachaue-1024x681.jpeg 1024w, https:\/\/rheinhessenblog.de\/wp-content\/uploads\/2026\/08\/1-Die-idyllische-Muehlbachaue-300x200.jpeg 300w, https:\/\/rheinhessenblog.de\/wp-content\/uploads\/2026\/08\/1-Die-idyllische-Muehlbachaue-768x511.jpeg 768w, https:\/\/rheinhessenblog.de\/wp-content\/uploads\/2026\/08\/1-Die-idyllische-Muehlbachaue-1536x1022.jpeg 1536w, https:\/\/rheinhessenblog.de\/wp-content\/uploads\/2026\/08\/1-Die-idyllische-Muehlbachaue-2048x1363.jpeg 2048w, https:\/\/rheinhessenblog.de\/wp-content\/uploads\/2026\/08\/1-Die-idyllische-Muehlbachaue-18x12.jpeg 18w\" sizes=\"(max-width: 800px) 100vw, 800px\" \/>\t\t\t\t\t\t\t\t<\/a>\n\t\t\t\t\t\t\t\t\t\t\t\t\t\t\t<\/div>\n\t\t\t\t<\/div>\n\t\t\t\t<div class=\"elementor-element elementor-element-1087e1c elementor-widget__width-auto kat ha-has-bg-overlay elementor-widget elementor-widget-text-editor\" data-id=\"1087e1c\" data-element_type=\"widget\" data-e-type=\"widget\" data-widget_type=\"text-editor.default\">\n\t\t\t\t<div class=\"elementor-widget-container\">\n\t\t\t\t\t\t\t\t\t<ul class=\"rh-categories\"><li><a href=\"https:\/\/rheinhessenblog.de\/nl\/kategorie\/wandern\/\" class=\"wandern\"><img decoding=\"async\" src=\"https:\/\/rheinhessenblog.de\/wp-content\/uploads\/2023\/07\/Rheinhessen-Beitragskategorie-Wandern.svg\" alt=\"Wandern\"><\/a><\/li>    <\/ul>\n    \t\t\t\t\t\t\t\t<\/div>\n\t\t\t\t<\/div>\n\t\t\t\t\t<\/div>\n\t\t\t\t<\/div>\n\t\t\t\t<\/div>\n\t\t<style id=\"loop-dynamic-10658\">.e-loop-item-18242 .elementor-element.elementor-element-56fda87:not(.elementor-motion-effects-element-type-background), .e-loop-item-18242 .elementor-element.elementor-element-56fda87 > .elementor-motion-effects-container > .elementor-motion-effects-layer{background-color:#688569;}<\/style>\t\t<div data-elementor-type=\"loop-item\" data-elementor-id=\"10658\" class=\"elementor elementor-10658 e-loop-item e-loop-item-18242 post-18242 post type-post status-publish format-standard has-post-thumbnail hentry category-wandern tag-hiwweltour tag-wasserturm tag-woellstein\" data-elementor-settings=\"{&quot;ha_cmc_init_switcher&quot;:&quot;no&quot;}\" data-elementor-post-type=\"elementor_library\" data-custom-edit-handle=\"1\">\n\t\t\t<div class=\"elementor-element elementor-element-c593506 e-flex e-con-boxed e-con e-parent\" data-id=\"c593506\" data-element_type=\"container\" data-e-type=\"container\" data-settings=\"{&quot;background_background&quot;:&quot;classic&quot;,&quot;_ha_eqh_enable&quot;:false}\">\n\t\t\t\t\t<div class=\"e-con-inner\">\n\t\t<div class=\"elementor-element elementor-element-56fda87 e-flex e-con-boxed e-con e-child\" data-id=\"56fda87\" data-element_type=\"container\" data-e-type=\"container\" data-settings=\"{&quot;background_background&quot;:&quot;classic&quot;,&quot;_ha_eqh_enable&quot;:false}\">\n\t\t\t\t\t<div class=\"e-con-inner\">\n\t\t\t\t<div class=\"elementor-element elementor-element-4718779 elementor-widget elementor-widget-theme-post-title elementor-page-title elementor-widget-heading\" data-id=\"4718779\" data-element_type=\"widget\" data-e-type=\"widget\" data-widget_type=\"theme-post-title.default\">\n\t\t\t\t<div class=\"elementor-widget-container\">\n\t\t\t\t\t<h3 class=\"elementor-heading-title elementor-size-default\"><a href=\"https:\/\/rheinhessenblog.de\/nl\/hiwweltour-wasserturm-wandern-rund-um-woellstein\/\">Hiwweltour Wasserturm: Wandern rund um W\u00f6llstein<\/a><\/h3>\t\t\t\t<\/div>\n\t\t\t\t<\/div>\n\t\t\t\t<div class=\"elementor-element elementor-element-b1cabc4 elementor-widget__width-inherit elementor-widget elementor-widget-post-info\" data-id=\"b1cabc4\" data-element_type=\"widget\" data-e-type=\"widget\" data-widget_type=\"post-info.default\">\n\t\t\t\t<div class=\"elementor-widget-container\">\n\t\t\t\t\t\t\t<ul class=\"elementor-inline-items elementor-icon-list-items elementor-post-info\">\n\t\t\t\t\t\t\t\t<li class=\"elementor-icon-list-item elementor-repeater-item-7099f6d elementor-inline-item\" itemprop=\"datePublished\">\n\t\t\t\t\t\t\t\t\t\t\t\t\t<span class=\"elementor-icon-list-text elementor-post-info__item elementor-post-info__item--type-date\">\n\t\t\t\t\t\t\t\t\t\t<time>14. augustus 2026<\/time>\t\t\t\t\t<\/span>\n\t\t\t\t\t\t\t\t<\/li>\n\t\t\t\t<li class=\"elementor-icon-list-item elementor-repeater-item-750a35e elementor-inline-item\" itemprop=\"author\">\n\t\t\t\t\t\t<a href=\"https:\/\/rheinhessenblog.de\/nl\/author\/mueller\/\">\n\t\t\t\t\t\t\t\t\t\t\t\t\t\t<span class=\"elementor-icon-list-text elementor-post-info__item elementor-post-info__item--type-author\">\n\t\t\t\t\t\t\t\t\t\tHeiko M\u00fcller\t\t\t\t\t<\/span>\n\t\t\t\t\t\t\t\t\t<\/a>\n\t\t\t\t<\/li>\n\t\t\t\t<li class=\"elementor-icon-list-item elementor-repeater-item-6c422b3 elementor-inline-item\" itemprop=\"commentCount\">\n\t\t\t\t\t\t<a href=\"https:\/\/rheinhessenblog.de\/nl\/hiwweltour-wasserturm-wandern-rund-um-woellstein\/#respond\">\n\t\t\t\t\t\t\t\t\t\t\t\t\t\t<span class=\"elementor-icon-list-text elementor-post-info__item elementor-post-info__item--type-comments\">\n\t\t\t\t\t\t\t\t\t\t0 Kommentare\t\t\t\t\t<\/span>\n\t\t\t\t\t\t\t\t\t<\/a>\n\t\t\t\t<\/li>\n\t\t\t\t<\/ul>\n\t\t\t\t\t\t<\/div>\n\t\t\t\t<\/div>\n\t\t\t\t\t<\/div>\n\t\t\t\t<\/div>\n\t\t\t\t<div class=\"elementor-element elementor-element-219017d elementor-widget elementor-widget-theme-post-featured-image elementor-widget-image\" data-id=\"219017d\" data-element_type=\"widget\" data-e-type=\"widget\" data-widget_type=\"theme-post-featured-image.default\">\n\t\t\t\t<div class=\"elementor-widget-container\">\n\t\t\t\t\t\t\t\t\t\t\t\t\t\t\t\t<a href=\"https:\/\/rheinhessenblog.de\/nl\/hiwweltour-wasserturm-wandern-rund-um-woellstein\/\">\n\t\t\t\t\t\t\t<img decoding=\"async\" width=\"683\" height=\"1024\" src=\"https:\/\/rheinhessenblog.de\/wp-content\/uploads\/2026\/08\/Rheinhessen-Touristik-2025-204-Hiwweltour-Wasserturm-683x1024.jpg\" class=\"attachment-large size-large wp-image-18246\" alt=\"\" srcset=\"https:\/\/rheinhessenblog.de\/wp-content\/uploads\/2026\/08\/Rheinhessen-Touristik-2025-204-Hiwweltour-Wasserturm-683x1024.jpg 683w, https:\/\/rheinhessenblog.de\/wp-content\/uploads\/2026\/08\/Rheinhessen-Touristik-2025-204-Hiwweltour-Wasserturm-200x300.jpg 200w, https:\/\/rheinhessenblog.de\/wp-content\/uploads\/2026\/08\/Rheinhessen-Touristik-2025-204-Hiwweltour-Wasserturm-768x1152.jpg 768w, https:\/\/rheinhessenblog.de\/wp-content\/uploads\/2026\/08\/Rheinhessen-Touristik-2025-204-Hiwweltour-Wasserturm-1024x1536.jpg 1024w, https:\/\/rheinhessenblog.de\/wp-content\/uploads\/2026\/08\/Rheinhessen-Touristik-2025-204-Hiwweltour-Wasserturm-1366x2048.jpg 1366w, https:\/\/rheinhessenblog.de\/wp-content\/uploads\/2026\/08\/Rheinhessen-Touristik-2025-204-Hiwweltour-Wasserturm-8x12.jpg 8w, https:\/\/rheinhessenblog.de\/wp-content\/uploads\/2026\/08\/Rheinhessen-Touristik-2025-204-Hiwweltour-Wasserturm.jpg 1707w\" sizes=\"(max-width: 683px) 100vw, 683px\" \/>\t\t\t\t\t\t\t\t<\/a>\n\t\t\t\t\t\t\t\t\t\t\t\t\t\t\t<\/div>\n\t\t\t\t<\/div>\n\t\t\t\t<div class=\"elementor-element elementor-element-1087e1c elementor-widget__width-auto kat ha-has-bg-overlay elementor-widget elementor-widget-text-editor\" data-id=\"1087e1c\" data-element_type=\"widget\" data-e-type=\"widget\" data-widget_type=\"text-editor.default\">\n\t\t\t\t<div class=\"elementor-widget-container\">\n\t\t\t\t\t\t\t\t\t<ul class=\"rh-categories\"><li><a href=\"https:\/\/rheinhessenblog.de\/nl\/kategorie\/wandern\/\" class=\"wandern\"><img decoding=\"async\" src=\"https:\/\/rheinhessenblog.de\/wp-content\/uploads\/2023\/07\/Rheinhessen-Beitragskategorie-Wandern.svg\" alt=\"Wandern\"><\/a><\/li>    <\/ul>\n    \t\t\t\t\t\t\t\t<\/div>\n\t\t\t\t<\/div>\n\t\t\t\t\t<\/div>\n\t\t\t\t<\/div>\n\t\t\t\t<\/div>\n\t\t<style id=\"loop-dynamic-10658\">.e-loop-item-14655 .elementor-element.elementor-element-56fda87:not(.elementor-motion-effects-element-type-background), .e-loop-item-14655 .elementor-element.elementor-element-56fda87 > .elementor-motion-effects-container > .elementor-motion-effects-layer{background-color:#e6957a;}<\/style>\t\t<div data-elementor-type=\"loop-item\" data-elementor-id=\"10658\" class=\"elementor elementor-10658 e-loop-item e-loop-item-14655 post-14655 post type-post status-publish format-standard has-post-thumbnail hentry category-radfahren tag-sportliches\" data-elementor-settings=\"{&quot;ha_cmc_init_switcher&quot;:&quot;no&quot;}\" data-elementor-post-type=\"elementor_library\" data-custom-edit-handle=\"1\">\n\t\t\t<div class=\"elementor-element elementor-element-c593506 e-flex e-con-boxed e-con e-parent\" data-id=\"c593506\" data-element_type=\"container\" data-e-type=\"container\" data-settings=\"{&quot;background_background&quot;:&quot;classic&quot;,&quot;_ha_eqh_enable&quot;:false}\">\n\t\t\t\t\t<div class=\"e-con-inner\">\n\t\t<div class=\"elementor-element elementor-element-56fda87 e-flex e-con-boxed e-con e-child\" data-id=\"56fda87\" data-element_type=\"container\" data-e-type=\"container\" data-settings=\"{&quot;background_background&quot;:&quot;classic&quot;,&quot;_ha_eqh_enable&quot;:false}\">\n\t\t\t\t\t<div class=\"e-con-inner\">\n\t\t\t\t<div class=\"elementor-element elementor-element-4718779 elementor-widget elementor-widget-theme-post-title elementor-page-title elementor-widget-heading\" data-id=\"4718779\" data-element_type=\"widget\" data-e-type=\"widget\" data-widget_type=\"theme-post-title.default\">\n\t\t\t\t<div class=\"elementor-widget-container\">\n\t\t\t\t\t<h3 class=\"elementor-heading-title elementor-size-default\"><a href=\"https:\/\/rheinhessenblog.de\/nl\/grosse-hiwweluberquerung-teil-2-bikepacking-rheinhessen\/\">Die gro\u00dfe Hiwwel\u00fcberquerung (Teil 2) &#8211; Vom Stein zum Rhein, Bikepacking in Rheinhessen<\/a><\/h3>\t\t\t\t<\/div>\n\t\t\t\t<\/div>\n\t\t\t\t<div class=\"elementor-element elementor-element-b1cabc4 elementor-widget__width-inherit elementor-widget elementor-widget-post-info\" data-id=\"b1cabc4\" data-element_type=\"widget\" data-e-type=\"widget\" data-widget_type=\"post-info.default\">\n\t\t\t\t<div class=\"elementor-widget-container\">\n\t\t\t\t\t\t\t<ul class=\"elementor-inline-items elementor-icon-list-items elementor-post-info\">\n\t\t\t\t\t\t\t\t<li class=\"elementor-icon-list-item elementor-repeater-item-7099f6d elementor-inline-item\" itemprop=\"datePublished\">\n\t\t\t\t\t\t\t\t\t\t\t\t\t<span class=\"elementor-icon-list-text elementor-post-info__item elementor-post-info__item--type-date\">\n\t\t\t\t\t\t\t\t\t\t<time>14. augustus 2026<\/time>\t\t\t\t\t<\/span>\n\t\t\t\t\t\t\t\t<\/li>\n\t\t\t\t<li class=\"elementor-icon-list-item elementor-repeater-item-750a35e elementor-inline-item\" itemprop=\"author\">\n\t\t\t\t\t\t<a href=\"https:\/\/rheinhessenblog.de\/nl\/author\/kapeschke\/\">\n\t\t\t\t\t\t\t\t\t\t\t\t\t\t<span class=\"elementor-icon-list-text elementor-post-info__item elementor-post-info__item--type-author\">\n\t\t\t\t\t\t\t\t\t\tKatja Peschke\t\t\t\t\t<\/span>\n\t\t\t\t\t\t\t\t\t<\/a>\n\t\t\t\t<\/li>\n\t\t\t\t<li class=\"elementor-icon-list-item elementor-repeater-item-6c422b3 elementor-inline-item\" itemprop=\"commentCount\">\n\t\t\t\t\t\t<a href=\"https:\/\/rheinhessenblog.de\/nl\/grosse-hiwweluberquerung-teil-2-bikepacking-rheinhessen\/#respond\">\n\t\t\t\t\t\t\t\t\t\t\t\t\t\t<span class=\"elementor-icon-list-text elementor-post-info__item elementor-post-info__item--type-comments\">\n\t\t\t\t\t\t\t\t\t\t0 Kommentare\t\t\t\t\t<\/span>\n\t\t\t\t\t\t\t\t\t<\/a>\n\t\t\t\t<\/li>\n\t\t\t\t<\/ul>\n\t\t\t\t\t\t<\/div>\n\t\t\t\t<\/div>\n\t\t\t\t\t<\/div>\n\t\t\t\t<\/div>\n\t\t\t\t<div class=\"elementor-element elementor-element-219017d elementor-widget elementor-widget-theme-post-featured-image elementor-widget-image\" data-id=\"219017d\" data-element_type=\"widget\" data-e-type=\"widget\" data-widget_type=\"theme-post-featured-image.default\">\n\t\t\t\t<div class=\"elementor-widget-container\">\n\t\t\t\t\t\t\t\t\t\t\t\t\t\t\t\t<a href=\"https:\/\/rheinhessenblog.de\/nl\/grosse-hiwweluberquerung-teil-2-bikepacking-rheinhessen\/\">\n\t\t\t\t\t\t\t<img decoding=\"async\" width=\"800\" height=\"534\" src=\"https:\/\/rheinhessenblog.de\/wp-content\/uploads\/2024\/07\/hiwwpacking-37-1024x683.jpg\" class=\"attachment-large size-large wp-image-14592\" alt=\"Hiwwelpacking Mit dem Rad \u00fcber die rheinhessischen H\u00fcgel\" srcset=\"https:\/\/rheinhessenblog.de\/wp-content\/uploads\/2024\/07\/hiwwpacking-37-1024x683.jpg 1024w, https:\/\/rheinhessenblog.de\/wp-content\/uploads\/2024\/07\/hiwwpacking-37-300x200.jpg 300w, https:\/\/rheinhessenblog.de\/wp-content\/uploads\/2024\/07\/hiwwpacking-37-768x512.jpg 768w, https:\/\/rheinhessenblog.de\/wp-content\/uploads\/2024\/07\/hiwwpacking-37-1536x1024.jpg 1536w, https:\/\/rheinhessenblog.de\/wp-content\/uploads\/2024\/07\/hiwwpacking-37-2048x1366.jpg 2048w, https:\/\/rheinhessenblog.de\/wp-content\/uploads\/2024\/07\/hiwwpacking-37-18x12.jpg 18w\" sizes=\"(max-width: 800px) 100vw, 800px\" \/>\t\t\t\t\t\t\t\t<\/a>\n\t\t\t\t\t\t\t\t\t\t\t\t\t\t\t<\/div>\n\t\t\t\t<\/div>\n\t\t\t\t<div class=\"elementor-element elementor-element-1087e1c elementor-widget__width-auto kat ha-has-bg-overlay elementor-widget elementor-widget-text-editor\" data-id=\"1087e1c\" data-element_type=\"widget\" data-e-type=\"widget\" data-widget_type=\"text-editor.default\">\n\t\t\t\t<div class=\"elementor-widget-container\">\n\t\t\t\t\t\t\t\t\t<ul class=\"rh-categories\"><li><a href=\"https:\/\/rheinhessenblog.de\/nl\/kategorie\/radfahren\/\" class=\"radfahren\"><img decoding=\"async\" src=\"https:\/\/rheinhessenblog.de\/wp-content\/uploads\/2023\/09\/Rheinhessen-Beitragskategorie-fahrradfahren.svg\" alt=\"Radfahren\"><\/a><\/li>    <\/ul>\n    \t\t\t\t\t\t\t\t<\/div>\n\t\t\t\t<\/div>\n\t\t\t\t\t<\/div>\n\t\t\t\t<\/div>\n\t\t\t\t<\/div>\n\t\t<style id=\"loop-dynamic-10658\">.e-loop-item-14565 .elementor-element.elementor-element-56fda87:not(.elementor-motion-effects-element-type-background), .e-loop-item-14565 .elementor-element.elementor-element-56fda87 > .elementor-motion-effects-container > .elementor-motion-effects-layer{background-color:#e6957a;}<\/style>\t\t<div data-elementor-type=\"loop-item\" data-elementor-id=\"10658\" class=\"elementor elementor-10658 e-loop-item e-loop-item-14565 post-14565 post type-post status-publish format-standard has-post-thumbnail hentry category-radfahren\" data-elementor-settings=\"{&quot;ha_cmc_init_switcher&quot;:&quot;no&quot;}\" data-elementor-post-type=\"elementor_library\" data-custom-edit-handle=\"1\">\n\t\t\t<div class=\"elementor-element elementor-element-c593506 e-flex e-con-boxed e-con e-parent\" data-id=\"c593506\" data-element_type=\"container\" data-e-type=\"container\" data-settings=\"{&quot;background_background&quot;:&quot;classic&quot;,&quot;_ha_eqh_enable&quot;:false}\">\n\t\t\t\t\t<div class=\"e-con-inner\">\n\t\t<div class=\"elementor-element elementor-element-56fda87 e-flex e-con-boxed e-con e-child\" data-id=\"56fda87\" data-element_type=\"container\" data-e-type=\"container\" data-settings=\"{&quot;background_background&quot;:&quot;classic&quot;,&quot;_ha_eqh_enable&quot;:false}\">\n\t\t\t\t\t<div class=\"e-con-inner\">\n\t\t\t\t<div class=\"elementor-element elementor-element-4718779 elementor-widget elementor-widget-theme-post-title elementor-page-title elementor-widget-heading\" data-id=\"4718779\" data-element_type=\"widget\" data-e-type=\"widget\" data-widget_type=\"theme-post-title.default\">\n\t\t\t\t<div class=\"elementor-widget-container\">\n\t\t\t\t\t<h3 class=\"elementor-heading-title elementor-size-default\"><a href=\"https:\/\/rheinhessenblog.de\/nl\/die-grosse-hiwweluberquerung-teil-1-reben-ruinen-und-radelrausch-bikepacking-in-rheinhessen\/\">Die gro\u00dfe Hiwwel\u00fcberquerung (Teil 1) &#8211; Reben, Ruinen und Radelrausch, Bikepacking in Rheinhessen<\/a><\/h3>\t\t\t\t<\/div>\n\t\t\t\t<\/div>\n\t\t\t\t<div class=\"elementor-element elementor-element-b1cabc4 elementor-widget__width-inherit elementor-widget elementor-widget-post-info\" data-id=\"b1cabc4\" data-element_type=\"widget\" data-e-type=\"widget\" data-widget_type=\"post-info.default\">\n\t\t\t\t<div class=\"elementor-widget-container\">\n\t\t\t\t\t\t\t<ul class=\"elementor-inline-items elementor-icon-list-items elementor-post-info\">\n\t\t\t\t\t\t\t\t<li class=\"elementor-icon-list-item elementor-repeater-item-7099f6d elementor-inline-item\" itemprop=\"datePublished\">\n\t\t\t\t\t\t\t\t\t\t\t\t\t<span class=\"elementor-icon-list-text elementor-post-info__item elementor-post-info__item--type-date\">\n\t\t\t\t\t\t\t\t\t\t<time>14. augustus 2026<\/time>\t\t\t\t\t<\/span>\n\t\t\t\t\t\t\t\t<\/li>\n\t\t\t\t<li class=\"elementor-icon-list-item elementor-repeater-item-750a35e elementor-inline-item\" itemprop=\"author\">\n\t\t\t\t\t\t<a href=\"https:\/\/rheinhessenblog.de\/nl\/author\/kapeschke\/\">\n\t\t\t\t\t\t\t\t\t\t\t\t\t\t<span class=\"elementor-icon-list-text elementor-post-info__item elementor-post-info__item--type-author\">\n\t\t\t\t\t\t\t\t\t\tKatja Peschke\t\t\t\t\t<\/span>\n\t\t\t\t\t\t\t\t\t<\/a>\n\t\t\t\t<\/li>\n\t\t\t\t<li class=\"elementor-icon-list-item elementor-repeater-item-6c422b3 elementor-inline-item\" itemprop=\"commentCount\">\n\t\t\t\t\t\t<a href=\"https:\/\/rheinhessenblog.de\/nl\/die-grosse-hiwweluberquerung-teil-1-reben-ruinen-und-radelrausch-bikepacking-in-rheinhessen\/#respond\">\n\t\t\t\t\t\t\t\t\t\t\t\t\t\t<span class=\"elementor-icon-list-text elementor-post-info__item elementor-post-info__item--type-comments\">\n\t\t\t\t\t\t\t\t\t\t0 Kommentare\t\t\t\t\t<\/span>\n\t\t\t\t\t\t\t\t\t<\/a>\n\t\t\t\t<\/li>\n\t\t\t\t<\/ul>\n\t\t\t\t\t\t<\/div>\n\t\t\t\t<\/div>\n\t\t\t\t\t<\/div>\n\t\t\t\t<\/div>\n\t\t\t\t<div class=\"elementor-element elementor-element-219017d elementor-widget elementor-widget-theme-post-featured-image elementor-widget-image\" data-id=\"219017d\" data-element_type=\"widget\" data-e-type=\"widget\" data-widget_type=\"theme-post-featured-image.default\">\n\t\t\t\t<div class=\"elementor-widget-container\">\n\t\t\t\t\t\t\t\t\t\t\t\t\t\t\t\t<a href=\"https:\/\/rheinhessenblog.de\/nl\/die-grosse-hiwweluberquerung-teil-1-reben-ruinen-und-radelrausch-bikepacking-in-rheinhessen\/\">\n\t\t\t\t\t\t\t<img loading=\"lazy\" decoding=\"async\" width=\"800\" height=\"296\" src=\"https:\/\/rheinhessenblog.de\/wp-content\/uploads\/2024\/07\/RHT-Hiwweltouren-2013-225-Heideblick-e1721890058173-1024x379.jpg\" class=\"attachment-large size-large wp-image-14632\" alt=\"Blick \u00fcber die H\u00fcgel der rheinhessischen Schweiz\" srcset=\"https:\/\/rheinhessenblog.de\/wp-content\/uploads\/2024\/07\/RHT-Hiwweltouren-2013-225-Heideblick-e1721890058173-1024x379.jpg 1024w, https:\/\/rheinhessenblog.de\/wp-content\/uploads\/2024\/07\/RHT-Hiwweltouren-2013-225-Heideblick-e1721890058173-300x111.jpg 300w, https:\/\/rheinhessenblog.de\/wp-content\/uploads\/2024\/07\/RHT-Hiwweltouren-2013-225-Heideblick-e1721890058173-768x284.jpg 768w, https:\/\/rheinhessenblog.de\/wp-content\/uploads\/2024\/07\/RHT-Hiwweltouren-2013-225-Heideblick-e1721890058173-1536x568.jpg 1536w, https:\/\/rheinhessenblog.de\/wp-content\/uploads\/2024\/07\/RHT-Hiwweltouren-2013-225-Heideblick-e1721890058173-18x7.jpg 18w, https:\/\/rheinhessenblog.de\/wp-content\/uploads\/2024\/07\/RHT-Hiwweltouren-2013-225-Heideblick-e1721890058173.jpg 1680w\" sizes=\"(max-width: 800px) 100vw, 800px\" \/>\t\t\t\t\t\t\t\t<\/a>\n\t\t\t\t\t\t\t\t\t\t\t\t\t\t\t<\/div>\n\t\t\t\t<\/div>\n\t\t\t\t<div class=\"elementor-element elementor-element-1087e1c elementor-widget__width-auto kat ha-has-bg-overlay elementor-widget elementor-widget-text-editor\" data-id=\"1087e1c\" data-element_type=\"widget\" data-e-type=\"widget\" data-widget_type=\"text-editor.default\">\n\t\t\t\t<div class=\"elementor-widget-container\">\n\t\t\t\t\t\t\t\t\t<ul class=\"rh-categories\"><li><a href=\"https:\/\/rheinhessenblog.de\/nl\/kategorie\/radfahren\/\" class=\"radfahren\"><img decoding=\"async\" src=\"https:\/\/rheinhessenblog.de\/wp-content\/uploads\/2023\/09\/Rheinhessen-Beitragskategorie-fahrradfahren.svg\" alt=\"Radfahren\"><\/a><\/li>    <\/ul>\n    \t\t\t\t\t\t\t\t<\/div>\n\t\t\t\t<\/div>\n\t\t\t\t\t<\/div>\n\t\t\t\t<\/div>\n\t\t\t\t<\/div>\n\t\t<style id=\"loop-dynamic-10658\">.e-loop-item-18184 .elementor-element.elementor-element-56fda87:not(.elementor-motion-effects-element-type-background), .e-loop-item-18184 .elementor-element.elementor-element-56fda87 > .elementor-motion-effects-container > .elementor-motion-effects-layer{background-color:#961e7a;}<\/style>\t\t<div data-elementor-type=\"loop-item\" data-elementor-id=\"10658\" class=\"elementor elementor-10658 e-loop-item e-loop-item-18184 post-18184 post type-post status-publish format-standard has-post-thumbnail hentry category-wein-kulinarik\" data-elementor-settings=\"{&quot;ha_cmc_init_switcher&quot;:&quot;no&quot;}\" data-elementor-post-type=\"elementor_library\" data-custom-edit-handle=\"1\">\n\t\t\t<div class=\"elementor-element elementor-element-c593506 e-flex e-con-boxed e-con e-parent\" data-id=\"c593506\" data-element_type=\"container\" data-e-type=\"container\" data-settings=\"{&quot;background_background&quot;:&quot;classic&quot;,&quot;_ha_eqh_enable&quot;:false}\">\n\t\t\t\t\t<div class=\"e-con-inner\">\n\t\t<div class=\"elementor-element elementor-element-56fda87 e-flex e-con-boxed e-con e-child\" data-id=\"56fda87\" data-element_type=\"container\" data-e-type=\"container\" data-settings=\"{&quot;background_background&quot;:&quot;classic&quot;,&quot;_ha_eqh_enable&quot;:false}\">\n\t\t\t\t\t<div class=\"e-con-inner\">\n\t\t\t\t<div class=\"elementor-element elementor-element-4718779 elementor-widget elementor-widget-theme-post-title elementor-page-title elementor-widget-heading\" data-id=\"4718779\" data-element_type=\"widget\" data-e-type=\"widget\" data-widget_type=\"theme-post-title.default\">\n\t\t\t\t<div class=\"elementor-widget-container\">\n\t\t\t\t\t<h3 class=\"elementor-heading-title elementor-size-default\"><a href=\"https:\/\/rheinhessenblog.de\/nl\/best-of-wine-tourism-award-2026-das-blaue-schaf-im-weinberg\/\">Best of Wine Tourism Award 2026: Das blaue Schaf im Weinberg<\/a><\/h3>\t\t\t\t<\/div>\n\t\t\t\t<\/div>\n\t\t\t\t<div class=\"elementor-element elementor-element-b1cabc4 elementor-widget__width-inherit elementor-widget elementor-widget-post-info\" data-id=\"b1cabc4\" data-element_type=\"widget\" data-e-type=\"widget\" data-widget_type=\"post-info.default\">\n\t\t\t\t<div class=\"elementor-widget-container\">\n\t\t\t\t\t\t\t<ul class=\"elementor-inline-items elementor-icon-list-items elementor-post-info\">\n\t\t\t\t\t\t\t\t<li class=\"elementor-icon-list-item elementor-repeater-item-7099f6d elementor-inline-item\" itemprop=\"datePublished\">\n\t\t\t\t\t\t\t\t\t\t\t\t\t<span class=\"elementor-icon-list-text elementor-post-info__item elementor-post-info__item--type-date\">\n\t\t\t\t\t\t\t\t\t\t<time>10. augustus 2026<\/time>\t\t\t\t\t<\/span>\n\t\t\t\t\t\t\t\t<\/li>\n\t\t\t\t<li class=\"elementor-icon-list-item elementor-repeater-item-750a35e elementor-inline-item\" itemprop=\"author\">\n\t\t\t\t\t\t<a href=\"https:\/\/rheinhessenblog.de\/nl\/author\/wolfgang-junglas\/\">\n\t\t\t\t\t\t\t\t\t\t\t\t\t\t<span class=\"elementor-icon-list-text elementor-post-info__item elementor-post-info__item--type-author\">\n\t\t\t\t\t\t\t\t\t\tWolfgang Junglas\t\t\t\t\t<\/span>\n\t\t\t\t\t\t\t\t\t<\/a>\n\t\t\t\t<\/li>\n\t\t\t\t<li class=\"elementor-icon-list-item elementor-repeater-item-6c422b3 elementor-inline-item\" itemprop=\"commentCount\">\n\t\t\t\t\t\t<a href=\"https:\/\/rheinhessenblog.de\/nl\/best-of-wine-tourism-award-2026-das-blaue-schaf-im-weinberg\/#comments\">\n\t\t\t\t\t\t\t\t\t\t\t\t\t\t<span class=\"elementor-icon-list-text elementor-post-info__item elementor-post-info__item--type-comments\">\n\t\t\t\t\t\t\t\t\t\t\u00c9\u00e9n reactie\t\t\t\t\t<\/span>\n\t\t\t\t\t\t\t\t\t<\/a>\n\t\t\t\t<\/li>\n\t\t\t\t<\/ul>\n\t\t\t\t\t\t<\/div>\n\t\t\t\t<\/div>\n\t\t\t\t\t<\/div>\n\t\t\t\t<\/div>\n\t\t\t\t<div class=\"elementor-element elementor-element-219017d elementor-widget elementor-widget-theme-post-featured-image elementor-widget-image\" data-id=\"219017d\" data-element_type=\"widget\" data-e-type=\"widget\" data-widget_type=\"theme-post-featured-image.default\">\n\t\t\t\t<div class=\"elementor-widget-container\">\n\t\t\t\t\t\t\t\t\t\t\t\t\t\t\t\t<a href=\"https:\/\/rheinhessenblog.de\/nl\/best-of-wine-tourism-award-2026-das-blaue-schaf-im-weinberg\/\">\n\t\t\t\t\t\t\t<img loading=\"lazy\" decoding=\"async\" width=\"800\" height=\"534\" src=\"https:\/\/rheinhessenblog.de\/wp-content\/uploads\/2026\/08\/GWC-26-Dautermann-13-1024x683.jpeg\" class=\"attachment-large size-large wp-image-18187\" alt=\"\" srcset=\"https:\/\/rheinhessenblog.de\/wp-content\/uploads\/2026\/08\/GWC-26-Dautermann-13-1024x683.jpeg 1024w, https:\/\/rheinhessenblog.de\/wp-content\/uploads\/2026\/08\/GWC-26-Dautermann-13-300x200.jpeg 300w, https:\/\/rheinhessenblog.de\/wp-content\/uploads\/2026\/08\/GWC-26-Dautermann-13-768x512.jpeg 768w, https:\/\/rheinhessenblog.de\/wp-content\/uploads\/2026\/08\/GWC-26-Dautermann-13-1536x1024.jpeg 1536w, https:\/\/rheinhessenblog.de\/wp-content\/uploads\/2026\/08\/GWC-26-Dautermann-13-2048x1365.jpeg 2048w, https:\/\/rheinhessenblog.de\/wp-content\/uploads\/2026\/08\/GWC-26-Dautermann-13-18x12.jpeg 18w\" sizes=\"(max-width: 800px) 100vw, 800px\" \/>\t\t\t\t\t\t\t\t<\/a>\n\t\t\t\t\t\t\t\t\t\t\t\t\t\t\t<\/div>\n\t\t\t\t<\/div>\n\t\t\t\t<div class=\"elementor-element elementor-element-1087e1c elementor-widget__width-auto kat ha-has-bg-overlay elementor-widget elementor-widget-text-editor\" data-id=\"1087e1c\" data-element_type=\"widget\" data-e-type=\"widget\" data-widget_type=\"text-editor.default\">\n\t\t\t\t<div class=\"elementor-widget-container\">\n\t\t\t\t\t\t\t\t\t<ul class=\"rh-categories\"><li><a href=\"https:\/\/rheinhessenblog.de\/nl\/kategorie\/wein-kulinarik\/\" class=\"wein-kulinarik\"><img decoding=\"async\" src=\"https:\/\/rheinhessenblog.de\/wp-content\/uploads\/2023\/07\/Rheinhessen-Beitragskategorie-weinverkostung.svg\" alt=\"Wein &amp; Kulinarik\"><\/a><\/li>    <\/ul>\n    \t\t\t\t\t\t\t\t<\/div>\n\t\t\t\t<\/div>\n\t\t\t\t\t<\/div>\n\t\t\t\t<\/div>\n\t\t\t\t<\/div>\n\t\t<style id=\"loop-dynamic-10658\">.e-loop-item-18125 .elementor-element.elementor-element-56fda87:not(.elementor-motion-effects-element-type-background), .e-loop-item-18125 .elementor-element.elementor-element-56fda87 > .elementor-motion-effects-container > .elementor-motion-effects-layer{background-color:#688569;}<\/style>\t\t<div data-elementor-type=\"loop-item\" data-elementor-id=\"10658\" class=\"elementor elementor-10658 e-loop-item e-loop-item-18125 post-18125 post type-post status-publish format-standard has-post-thumbnail hentry category-wandern tag-hiwweltour tag-premiumwanderweg\" data-elementor-settings=\"{&quot;ha_cmc_init_switcher&quot;:&quot;no&quot;}\" data-elementor-post-type=\"elementor_library\" data-custom-edit-handle=\"1\">\n\t\t\t<div class=\"elementor-element elementor-element-c593506 e-flex e-con-boxed e-con e-parent\" data-id=\"c593506\" data-element_type=\"container\" data-e-type=\"container\" data-settings=\"{&quot;background_background&quot;:&quot;classic&quot;,&quot;_ha_eqh_enable&quot;:false}\">\n\t\t\t\t\t<div class=\"e-con-inner\">\n\t\t<div class=\"elementor-element elementor-element-56fda87 e-flex e-con-boxed e-con e-child\" data-id=\"56fda87\" data-element_type=\"container\" data-e-type=\"container\" data-settings=\"{&quot;background_background&quot;:&quot;classic&quot;,&quot;_ha_eqh_enable&quot;:false}\">\n\t\t\t\t\t<div class=\"e-con-inner\">\n\t\t\t\t<div class=\"elementor-element elementor-element-4718779 elementor-widget elementor-widget-theme-post-title elementor-page-title elementor-widget-heading\" data-id=\"4718779\" data-element_type=\"widget\" data-e-type=\"widget\" data-widget_type=\"theme-post-title.default\">\n\t\t\t\t<div class=\"elementor-widget-container\">\n\t\t\t\t\t<h3 class=\"elementor-heading-title elementor-size-default\"><a href=\"https:\/\/rheinhessenblog.de\/nl\/hiwweltour-vorholz-wanderung-durch-rheinhessens-groessten-wald\/\">Hiwweltour Vorholz: Wanderung durch Rheinhessens gr\u00f6\u00dften Wald<\/a><\/h3>\t\t\t\t<\/div>\n\t\t\t\t<\/div>\n\t\t\t\t<div class=\"elementor-element elementor-element-b1cabc4 elementor-widget__width-inherit elementor-widget elementor-widget-post-info\" data-id=\"b1cabc4\" data-element_type=\"widget\" data-e-type=\"widget\" data-widget_type=\"post-info.default\">\n\t\t\t\t<div class=\"elementor-widget-container\">\n\t\t\t\t\t\t\t<ul class=\"elementor-inline-items elementor-icon-list-items elementor-post-info\">\n\t\t\t\t\t\t\t\t<li class=\"elementor-icon-list-item elementor-repeater-item-7099f6d elementor-inline-item\" itemprop=\"datePublished\">\n\t\t\t\t\t\t\t\t\t\t\t\t\t<span class=\"elementor-icon-list-text elementor-post-info__item elementor-post-info__item--type-date\">\n\t\t\t\t\t\t\t\t\t\t<time>6. augustus 2026<\/time>\t\t\t\t\t<\/span>\n\t\t\t\t\t\t\t\t<\/li>\n\t\t\t\t<li class=\"elementor-icon-list-item elementor-repeater-item-750a35e elementor-inline-item\" itemprop=\"author\">\n\t\t\t\t\t\t<a href=\"https:\/\/rheinhessenblog.de\/nl\/author\/mueller\/\">\n\t\t\t\t\t\t\t\t\t\t\t\t\t\t<span class=\"elementor-icon-list-text elementor-post-info__item elementor-post-info__item--type-author\">\n\t\t\t\t\t\t\t\t\t\tHeiko M\u00fcller\t\t\t\t\t<\/span>\n\t\t\t\t\t\t\t\t\t<\/a>\n\t\t\t\t<\/li>\n\t\t\t\t<li class=\"elementor-icon-list-item elementor-repeater-item-6c422b3 elementor-inline-item\" itemprop=\"commentCount\">\n\t\t\t\t\t\t<a href=\"https:\/\/rheinhessenblog.de\/nl\/hiwweltour-vorholz-wanderung-durch-rheinhessens-groessten-wald\/#comments\">\n\t\t\t\t\t\t\t\t\t\t\t\t\t\t<span class=\"elementor-icon-list-text elementor-post-info__item elementor-post-info__item--type-comments\">\n\t\t\t\t\t\t\t\t\t\t4 reacties\t\t\t\t\t<\/span>\n\t\t\t\t\t\t\t\t\t<\/a>\n\t\t\t\t<\/li>\n\t\t\t\t<\/ul>\n\t\t\t\t\t\t<\/div>\n\t\t\t\t<\/div>\n\t\t\t\t\t<\/div>\n\t\t\t\t<\/div>\n\t\t\t\t<div class=\"elementor-element elementor-element-219017d elementor-widget elementor-widget-theme-post-featured-image elementor-widget-image\" data-id=\"219017d\" data-element_type=\"widget\" data-e-type=\"widget\" data-widget_type=\"theme-post-featured-image.default\">\n\t\t\t\t<div class=\"elementor-widget-container\">\n\t\t\t\t\t\t\t\t\t\t\t\t\t\t\t\t<a href=\"https:\/\/rheinhessenblog.de\/nl\/hiwweltour-vorholz-wanderung-durch-rheinhessens-groessten-wald\/\">\n\t\t\t\t\t\t\t<img loading=\"lazy\" decoding=\"async\" width=\"800\" height=\"534\" src=\"https:\/\/rheinhessenblog.de\/wp-content\/uploads\/2026\/08\/Rheinhessen-Touristik-2025-376-Hiwweltour-Vorholz-1024x683.jpg\" class=\"attachment-large size-large wp-image-18126\" alt=\"\" srcset=\"https:\/\/rheinhessenblog.de\/wp-content\/uploads\/2026\/08\/Rheinhessen-Touristik-2025-376-Hiwweltour-Vorholz-1024x683.jpg 1024w, https:\/\/rheinhessenblog.de\/wp-content\/uploads\/2026\/08\/Rheinhessen-Touristik-2025-376-Hiwweltour-Vorholz-300x200.jpg 300w, https:\/\/rheinhessenblog.de\/wp-content\/uploads\/2026\/08\/Rheinhessen-Touristik-2025-376-Hiwweltour-Vorholz-768x512.jpg 768w, https:\/\/rheinhessenblog.de\/wp-content\/uploads\/2026\/08\/Rheinhessen-Touristik-2025-376-Hiwweltour-Vorholz-1536x1024.jpg 1536w, https:\/\/rheinhessenblog.de\/wp-content\/uploads\/2026\/08\/Rheinhessen-Touristik-2025-376-Hiwweltour-Vorholz-2048x1366.jpg 2048w, https:\/\/rheinhessenblog.de\/wp-content\/uploads\/2026\/08\/Rheinhessen-Touristik-2025-376-Hiwweltour-Vorholz-18x12.jpg 18w\" sizes=\"(max-width: 800px) 100vw, 800px\" \/>\t\t\t\t\t\t\t\t<\/a>\n\t\t\t\t\t\t\t\t\t\t\t\t\t\t\t<\/div>\n\t\t\t\t<\/div>\n\t\t\t\t<div class=\"elementor-element elementor-element-1087e1c elementor-widget__width-auto kat ha-has-bg-overlay elementor-widget elementor-widget-text-editor\" data-id=\"1087e1c\" data-element_type=\"widget\" data-e-type=\"widget\" data-widget_type=\"text-editor.default\">\n\t\t\t\t<div class=\"elementor-widget-container\">\n\t\t\t\t\t\t\t\t\t<ul class=\"rh-categories\"><li><a href=\"https:\/\/rheinhessenblog.de\/nl\/kategorie\/wandern\/\" class=\"wandern\"><img decoding=\"async\" src=\"https:\/\/rheinhessenblog.de\/wp-content\/uploads\/2023\/07\/Rheinhessen-Beitragskategorie-Wandern.svg\" alt=\"Wandern\"><\/a><\/li>    <\/ul>\n    \t\t\t\t\t\t\t\t<\/div>\n\t\t\t\t<\/div>\n\t\t\t\t\t<\/div>\n\t\t\t\t<\/div>\n\t\t\t\t<\/div>\n\t\t<style id=\"loop-dynamic-10658\">.e-loop-item-18074 .elementor-element.elementor-element-56fda87:not(.elementor-motion-effects-element-type-background), .e-loop-item-18074 .elementor-element.elementor-element-56fda87 > .elementor-motion-effects-container > .elementor-motion-effects-layer{background-color:#688569;}<\/style>\t\t<div data-elementor-type=\"loop-item\" data-elementor-id=\"10658\" class=\"elementor elementor-10658 e-loop-item e-loop-item-18074 post-18074 post type-post status-publish format-standard has-post-thumbnail hentry category-natur-erleben category-wandern tag-geologie tag-hiwweltour tag-hohlwege tag-praedikatswanderweg tag-weinlandschaft\" data-elementor-settings=\"{&quot;ha_cmc_init_switcher&quot;:&quot;no&quot;}\" data-elementor-post-type=\"elementor_library\" data-custom-edit-handle=\"1\">\n\t\t\t<div class=\"elementor-element elementor-element-c593506 e-flex e-con-boxed e-con e-parent\" data-id=\"c593506\" data-element_type=\"container\" data-e-type=\"container\" data-settings=\"{&quot;background_background&quot;:&quot;classic&quot;,&quot;_ha_eqh_enable&quot;:false}\">\n\t\t\t\t\t<div class=\"e-con-inner\">\n\t\t<div class=\"elementor-element elementor-element-56fda87 e-flex e-con-boxed e-con e-child\" data-id=\"56fda87\" data-element_type=\"container\" data-e-type=\"container\" data-settings=\"{&quot;background_background&quot;:&quot;classic&quot;,&quot;_ha_eqh_enable&quot;:false}\">\n\t\t\t\t\t<div class=\"e-con-inner\">\n\t\t\t\t<div class=\"elementor-element elementor-element-4718779 elementor-widget elementor-widget-theme-post-title elementor-page-title elementor-widget-heading\" data-id=\"4718779\" data-element_type=\"widget\" data-e-type=\"widget\" data-widget_type=\"theme-post-title.default\">\n\t\t\t\t<div class=\"elementor-widget-container\">\n\t\t\t\t\t<h3 class=\"elementor-heading-title elementor-size-default\"><a href=\"https:\/\/rheinhessenblog.de\/nl\/wandern-auf-der-hiwweltour-alsheimer-hohlwege\/\">Wandern auf der Hiwweltour Alsheimer Hohlwege<\/a><\/h3>\t\t\t\t<\/div>\n\t\t\t\t<\/div>\n\t\t\t\t<div class=\"elementor-element elementor-element-b1cabc4 elementor-widget__width-inherit elementor-widget elementor-widget-post-info\" data-id=\"b1cabc4\" data-element_type=\"widget\" data-e-type=\"widget\" data-widget_type=\"post-info.default\">\n\t\t\t\t<div class=\"elementor-widget-container\">\n\t\t\t\t\t\t\t<ul class=\"elementor-inline-items elementor-icon-list-items elementor-post-info\">\n\t\t\t\t\t\t\t\t<li class=\"elementor-icon-list-item elementor-repeater-item-7099f6d elementor-inline-item\" itemprop=\"datePublished\">\n\t\t\t\t\t\t\t\t\t\t\t\t\t<span class=\"elementor-icon-list-text elementor-post-info__item elementor-post-info__item--type-date\">\n\t\t\t\t\t\t\t\t\t\t<time>3. augustus 2026<\/time>\t\t\t\t\t<\/span>\n\t\t\t\t\t\t\t\t<\/li>\n\t\t\t\t<li class=\"elementor-icon-list-item elementor-repeater-item-750a35e elementor-inline-item\" itemprop=\"author\">\n\t\t\t\t\t\t<a href=\"https:\/\/rheinhessenblog.de\/nl\/author\/mueller\/\">\n\t\t\t\t\t\t\t\t\t\t\t\t\t\t<span class=\"elementor-icon-list-text elementor-post-info__item elementor-post-info__item--type-author\">\n\t\t\t\t\t\t\t\t\t\tHeiko M\u00fcller\t\t\t\t\t<\/span>\n\t\t\t\t\t\t\t\t\t<\/a>\n\t\t\t\t<\/li>\n\t\t\t\t<li class=\"elementor-icon-list-item elementor-repeater-item-6c422b3 elementor-inline-item\" itemprop=\"commentCount\">\n\t\t\t\t\t\t<a href=\"https:\/\/rheinhessenblog.de\/nl\/wandern-auf-der-hiwweltour-alsheimer-hohlwege\/#respond\">\n\t\t\t\t\t\t\t\t\t\t\t\t\t\t<span class=\"elementor-icon-list-text elementor-post-info__item elementor-post-info__item--type-comments\">\n\t\t\t\t\t\t\t\t\t\t0 Kommentare\t\t\t\t\t<\/span>\n\t\t\t\t\t\t\t\t\t<\/a>\n\t\t\t\t<\/li>\n\t\t\t\t<\/ul>\n\t\t\t\t\t\t<\/div>\n\t\t\t\t<\/div>\n\t\t\t\t\t<\/div>\n\t\t\t\t<\/div>\n\t\t\t\t<div class=\"elementor-element elementor-element-219017d elementor-widget elementor-widget-theme-post-featured-image elementor-widget-image\" data-id=\"219017d\" data-element_type=\"widget\" data-e-type=\"widget\" data-widget_type=\"theme-post-featured-image.default\">\n\t\t\t\t<div class=\"elementor-widget-container\">\n\t\t\t\t\t\t\t\t\t\t\t\t\t\t\t\t<a href=\"https:\/\/rheinhessenblog.de\/nl\/wandern-auf-der-hiwweltour-alsheimer-hohlwege\/\">\n\t\t\t\t\t\t\t<img loading=\"lazy\" decoding=\"async\" width=\"683\" height=\"1024\" src=\"https:\/\/rheinhessenblog.de\/wp-content\/uploads\/2026\/08\/Rheinhessen-Touristik-2025-244-Hiwweltour-Alsheimer-Hohlwege-683x1024.jpg\" class=\"attachment-large size-large wp-image-18093\" alt=\"\" srcset=\"https:\/\/rheinhessenblog.de\/wp-content\/uploads\/2026\/08\/Rheinhessen-Touristik-2025-244-Hiwweltour-Alsheimer-Hohlwege-683x1024.jpg 683w, https:\/\/rheinhessenblog.de\/wp-content\/uploads\/2026\/08\/Rheinhessen-Touristik-2025-244-Hiwweltour-Alsheimer-Hohlwege-200x300.jpg 200w, https:\/\/rheinhessenblog.de\/wp-content\/uploads\/2026\/08\/Rheinhessen-Touristik-2025-244-Hiwweltour-Alsheimer-Hohlwege-768x1152.jpg 768w, https:\/\/rheinhessenblog.de\/wp-content\/uploads\/2026\/08\/Rheinhessen-Touristik-2025-244-Hiwweltour-Alsheimer-Hohlwege-1024x1536.jpg 1024w, https:\/\/rheinhessenblog.de\/wp-content\/uploads\/2026\/08\/Rheinhessen-Touristik-2025-244-Hiwweltour-Alsheimer-Hohlwege-1366x2048.jpg 1366w, https:\/\/rheinhessenblog.de\/wp-content\/uploads\/2026\/08\/Rheinhessen-Touristik-2025-244-Hiwweltour-Alsheimer-Hohlwege-8x12.jpg 8w, https:\/\/rheinhessenblog.de\/wp-content\/uploads\/2026\/08\/Rheinhessen-Touristik-2025-244-Hiwweltour-Alsheimer-Hohlwege.jpg 1707w\" sizes=\"(max-width: 683px) 100vw, 683px\" \/>\t\t\t\t\t\t\t\t<\/a>\n\t\t\t\t\t\t\t\t\t\t\t\t\t\t\t<\/div>\n\t\t\t\t<\/div>\n\t\t\t\t<div class=\"elementor-element elementor-element-1087e1c elementor-widget__width-auto kat ha-has-bg-overlay elementor-widget elementor-widget-text-editor\" data-id=\"1087e1c\" data-element_type=\"widget\" data-e-type=\"widget\" data-widget_type=\"text-editor.default\">\n\t\t\t\t<div class=\"elementor-widget-container\">\n\t\t\t\t\t\t\t\t\t<ul class=\"rh-categories\"><li><a href=\"https:\/\/rheinhessenblog.de\/nl\/kategorie\/natur-erleben\/\" class=\"natur-erleben\"><img decoding=\"async\" src=\"https:\/\/rheinhessenblog.de\/wp-content\/uploads\/2023\/07\/Rheinhessen-Beitragskategorie-natur.svg\" alt=\"Natur erleben\"><\/a><\/li><li><a href=\"https:\/\/rheinhessenblog.de\/nl\/kategorie\/wandern\/\" class=\"wandern\"><img decoding=\"async\" src=\"https:\/\/rheinhessenblog.de\/wp-content\/uploads\/2023\/07\/Rheinhessen-Beitragskategorie-Wandern.svg\" alt=\"Wandern\"><\/a><\/li>    <\/ul>\n    \t\t\t\t\t\t\t\t<\/div>\n\t\t\t\t<\/div>\n\t\t\t\t\t<\/div>\n\t\t\t\t<\/div>\n\t\t\t\t<\/div>\n\t\t<style id=\"loop-dynamic-10658\">.e-loop-item-17944 .elementor-element.elementor-element-56fda87:not(.elementor-motion-effects-element-type-background), .e-loop-item-17944 .elementor-element.elementor-element-56fda87 > .elementor-motion-effects-container > .elementor-motion-effects-layer{background-color:#797fb8;}<\/style>\t\t<div data-elementor-type=\"loop-item\" data-elementor-id=\"10658\" class=\"elementor elementor-10658 e-loop-item e-loop-item-17944 post-17944 post type-post status-publish format-standard has-post-thumbnail hentry category-kultur-entdecken tag-dom tag-festival-rheinhessen tag-kultur-erleben tag-nibelungen-festspiele tag-open-air tag-worms\" data-elementor-settings=\"{&quot;ha_cmc_init_switcher&quot;:&quot;no&quot;}\" data-elementor-post-type=\"elementor_library\" data-custom-edit-handle=\"1\">\n\t\t\t<div class=\"elementor-element elementor-element-c593506 e-flex e-con-boxed e-con e-parent\" data-id=\"c593506\" data-element_type=\"container\" data-e-type=\"container\" data-settings=\"{&quot;background_background&quot;:&quot;classic&quot;,&quot;_ha_eqh_enable&quot;:false}\">\n\t\t\t\t\t<div class=\"e-con-inner\">\n\t\t<div class=\"elementor-element elementor-element-56fda87 e-flex e-con-boxed e-con e-child\" data-id=\"56fda87\" data-element_type=\"container\" data-e-type=\"container\" data-settings=\"{&quot;background_background&quot;:&quot;classic&quot;,&quot;_ha_eqh_enable&quot;:false}\">\n\t\t\t\t\t<div class=\"e-con-inner\">\n\t\t\t\t<div class=\"elementor-element elementor-element-4718779 elementor-widget elementor-widget-theme-post-title elementor-page-title elementor-widget-heading\" data-id=\"4718779\" data-element_type=\"widget\" data-e-type=\"widget\" data-widget_type=\"theme-post-title.default\">\n\t\t\t\t<div class=\"elementor-widget-container\">\n\t\t\t\t\t<h3 class=\"elementor-heading-title elementor-size-default\"><a href=\"https:\/\/rheinhessenblog.de\/nl\/nibelungen-festspiele-worms-ein-magischer-sommerabend-zwischen-dom-drachenblut-und-theater\/\">Nibelungen-Festspiele Worms: Ein magischer Sommerabend zwischen Dom, Drachenblut und Theater<\/a><\/h3>\t\t\t\t<\/div>\n\t\t\t\t<\/div>\n\t\t\t\t<div class=\"elementor-element elementor-element-b1cabc4 elementor-widget__width-inherit elementor-widget elementor-widget-post-info\" data-id=\"b1cabc4\" data-element_type=\"widget\" data-e-type=\"widget\" data-widget_type=\"post-info.default\">\n\t\t\t\t<div class=\"elementor-widget-container\">\n\t\t\t\t\t\t\t<ul class=\"elementor-inline-items elementor-icon-list-items elementor-post-info\">\n\t\t\t\t\t\t\t\t<li class=\"elementor-icon-list-item elementor-repeater-item-7099f6d elementor-inline-item\" itemprop=\"datePublished\">\n\t\t\t\t\t\t\t\t\t\t\t\t\t<span class=\"elementor-icon-list-text elementor-post-info__item elementor-post-info__item--type-date\">\n\t\t\t\t\t\t\t\t\t\t<time>22. juli 2026<\/time>\t\t\t\t\t<\/span>\n\t\t\t\t\t\t\t\t<\/li>\n\t\t\t\t<li class=\"elementor-icon-list-item elementor-repeater-item-750a35e elementor-inline-item\" itemprop=\"author\">\n\t\t\t\t\t\t<a href=\"https:\/\/rheinhessenblog.de\/nl\/author\/marina\/\">\n\t\t\t\t\t\t\t\t\t\t\t\t\t\t<span class=\"elementor-icon-list-text elementor-post-info__item elementor-post-info__item--type-author\">\n\t\t\t\t\t\t\t\t\t\tMarina Noble\t\t\t\t\t<\/span>\n\t\t\t\t\t\t\t\t\t<\/a>\n\t\t\t\t<\/li>\n\t\t\t\t<li class=\"elementor-icon-list-item elementor-repeater-item-6c422b3 elementor-inline-item\" itemprop=\"commentCount\">\n\t\t\t\t\t\t<a href=\"https:\/\/rheinhessenblog.de\/nl\/nibelungen-festspiele-worms-ein-magischer-sommerabend-zwischen-dom-drachenblut-und-theater\/#comments\">\n\t\t\t\t\t\t\t\t\t\t\t\t\t\t<span class=\"elementor-icon-list-text elementor-post-info__item elementor-post-info__item--type-comments\">\n\t\t\t\t\t\t\t\t\t\t4 reacties\t\t\t\t\t<\/span>\n\t\t\t\t\t\t\t\t\t<\/a>\n\t\t\t\t<\/li>\n\t\t\t\t<\/ul>\n\t\t\t\t\t\t<\/div>\n\t\t\t\t<\/div>\n\t\t\t\t\t<\/div>\n\t\t\t\t<\/div>\n\t\t\t\t<div class=\"elementor-element elementor-element-219017d elementor-widget elementor-widget-theme-post-featured-image elementor-widget-image\" data-id=\"219017d\" data-element_type=\"widget\" data-e-type=\"widget\" data-widget_type=\"theme-post-featured-image.default\">\n\t\t\t\t<div class=\"elementor-widget-container\">\n\t\t\t\t\t\t\t\t\t\t\t\t\t\t\t\t<a href=\"https:\/\/rheinhessenblog.de\/nl\/nibelungen-festspiele-worms-ein-magischer-sommerabend-zwischen-dom-drachenblut-und-theater\/\">\n\t\t\t\t\t\t\t<img loading=\"lazy\" decoding=\"async\" width=\"800\" height=\"534\" src=\"https:\/\/rheinhessenblog.de\/wp-content\/uploads\/2026\/07\/5-Heylshofpark_Foto-Bernward-Bertram-1024x683.jpg\" class=\"attachment-large size-large wp-image-17952\" alt=\"\" srcset=\"https:\/\/rheinhessenblog.de\/wp-content\/uploads\/2026\/07\/5-Heylshofpark_Foto-Bernward-Bertram-1024x683.jpg 1024w, https:\/\/rheinhessenblog.de\/wp-content\/uploads\/2026\/07\/5-Heylshofpark_Foto-Bernward-Bertram-300x200.jpg 300w, https:\/\/rheinhessenblog.de\/wp-content\/uploads\/2026\/07\/5-Heylshofpark_Foto-Bernward-Bertram-768x512.jpg 768w, https:\/\/rheinhessenblog.de\/wp-content\/uploads\/2026\/07\/5-Heylshofpark_Foto-Bernward-Bertram-1536x1024.jpg 1536w, https:\/\/rheinhessenblog.de\/wp-content\/uploads\/2026\/07\/5-Heylshofpark_Foto-Bernward-Bertram-18x12.jpg 18w, https:\/\/rheinhessenblog.de\/wp-content\/uploads\/2026\/07\/5-Heylshofpark_Foto-Bernward-Bertram.jpg 2048w\" sizes=\"(max-width: 800px) 100vw, 800px\" \/>\t\t\t\t\t\t\t\t<\/a>\n\t\t\t\t\t\t\t\t\t\t\t\t\t\t\t<\/div>\n\t\t\t\t<\/div>\n\t\t\t\t<div class=\"elementor-element elementor-element-1087e1c elementor-widget__width-auto kat ha-has-bg-overlay elementor-widget elementor-widget-text-editor\" data-id=\"1087e1c\" data-element_type=\"widget\" data-e-type=\"widget\" data-widget_type=\"text-editor.default\">\n\t\t\t\t<div class=\"elementor-widget-container\">\n\t\t\t\t\t\t\t\t\t<ul class=\"rh-categories\"><li><a href=\"https:\/\/rheinhessenblog.de\/nl\/kategorie\/kultur-entdecken\/\" class=\"kultur-entdecken\"><img decoding=\"async\" src=\"https:\/\/rheinhessenblog.de\/wp-content\/uploads\/2023\/07\/Rheinhessen-Beitragskategorie-kultur.svg\" alt=\"Kultur entdecken\"><\/a><\/li>    <\/ul>\n    \t\t\t\t\t\t\t\t<\/div>\n\t\t\t\t<\/div>\n\t\t\t\t\t<\/div>\n\t\t\t\t<\/div>\n\t\t\t\t<\/div>\n\t\t<style id=\"loop-dynamic-10658\">.e-loop-item-17838 .elementor-element.elementor-element-56fda87:not(.elementor-motion-effects-element-type-background), .e-loop-item-17838 .elementor-element.elementor-element-56fda87 > .elementor-motion-effects-container > .elementor-motion-effects-layer{background-color:#9bcea4;}<\/style>\t\t<div data-elementor-type=\"loop-item\" data-elementor-id=\"10658\" class=\"elementor elementor-10658 e-loop-item e-loop-item-17838 post-17838 post type-post status-publish format-standard has-post-thumbnail hentry category-natur-erleben tag-katharinenkirche tag-kulturufer-bingen tag-kurpark tag-oppenheim tag-schloss-herrnsheim\" data-elementor-settings=\"{&quot;ha_cmc_init_switcher&quot;:&quot;no&quot;}\" data-elementor-post-type=\"elementor_library\" data-custom-edit-handle=\"1\">\n\t\t\t<div class=\"elementor-element elementor-element-c593506 e-flex e-con-boxed e-con e-parent\" data-id=\"c593506\" data-element_type=\"container\" data-e-type=\"container\" data-settings=\"{&quot;background_background&quot;:&quot;classic&quot;,&quot;_ha_eqh_enable&quot;:false}\">\n\t\t\t\t\t<div class=\"e-con-inner\">\n\t\t<div class=\"elementor-element elementor-element-56fda87 e-flex e-con-boxed e-con e-child\" data-id=\"56fda87\" data-element_type=\"container\" data-e-type=\"container\" data-settings=\"{&quot;background_background&quot;:&quot;classic&quot;,&quot;_ha_eqh_enable&quot;:false}\">\n\t\t\t\t\t<div class=\"e-con-inner\">\n\t\t\t\t<div class=\"elementor-element elementor-element-4718779 elementor-widget elementor-widget-theme-post-title elementor-page-title elementor-widget-heading\" data-id=\"4718779\" data-element_type=\"widget\" data-e-type=\"widget\" data-widget_type=\"theme-post-title.default\">\n\t\t\t\t<div class=\"elementor-widget-container\">\n\t\t\t\t\t<h3 class=\"elementor-heading-title elementor-size-default\"><a href=\"https:\/\/rheinhessenblog.de\/nl\/gruene-oasen-in-rheinhessen-was-blueht-denn-da\/\">Gr\u00fcne Oasen in Rheinhessen \u2013 was bl\u00fcht denn da?<\/a><\/h3>\t\t\t\t<\/div>\n\t\t\t\t<\/div>\n\t\t\t\t<div class=\"elementor-element elementor-element-b1cabc4 elementor-widget__width-inherit elementor-widget elementor-widget-post-info\" data-id=\"b1cabc4\" data-element_type=\"widget\" data-e-type=\"widget\" data-widget_type=\"post-info.default\">\n\t\t\t\t<div class=\"elementor-widget-container\">\n\t\t\t\t\t\t\t<ul class=\"elementor-inline-items elementor-icon-list-items elementor-post-info\">\n\t\t\t\t\t\t\t\t<li class=\"elementor-icon-list-item elementor-repeater-item-7099f6d elementor-inline-item\" itemprop=\"datePublished\">\n\t\t\t\t\t\t\t\t\t\t\t\t\t<span class=\"elementor-icon-list-text elementor-post-info__item elementor-post-info__item--type-date\">\n\t\t\t\t\t\t\t\t\t\t<time>15. juli 2026<\/time>\t\t\t\t\t<\/span>\n\t\t\t\t\t\t\t\t<\/li>\n\t\t\t\t<li class=\"elementor-icon-list-item elementor-repeater-item-750a35e elementor-inline-item\" itemprop=\"author\">\n\t\t\t\t\t\t<a href=\"https:\/\/rheinhessenblog.de\/nl\/author\/katja-zentel\/\">\n\t\t\t\t\t\t\t\t\t\t\t\t\t\t<span class=\"elementor-icon-list-text elementor-post-info__item elementor-post-info__item--type-author\">\n\t\t\t\t\t\t\t\t\t\tKatja Zentel\t\t\t\t\t<\/span>\n\t\t\t\t\t\t\t\t\t<\/a>\n\t\t\t\t<\/li>\n\t\t\t\t<li class=\"elementor-icon-list-item elementor-repeater-item-6c422b3 elementor-inline-item\" itemprop=\"commentCount\">\n\t\t\t\t\t\t<a href=\"https:\/\/rheinhessenblog.de\/nl\/gruene-oasen-in-rheinhessen-was-blueht-denn-da\/#comments\">\n\t\t\t\t\t\t\t\t\t\t\t\t\t\t<span class=\"elementor-icon-list-text elementor-post-info__item elementor-post-info__item--type-comments\">\n\t\t\t\t\t\t\t\t\t\t2 reacties\t\t\t\t\t<\/span>\n\t\t\t\t\t\t\t\t\t<\/a>\n\t\t\t\t<\/li>\n\t\t\t\t<\/ul>\n\t\t\t\t\t\t<\/div>\n\t\t\t\t<\/div>\n\t\t\t\t\t<\/div>\n\t\t\t\t<\/div>\n\t\t\t\t<div class=\"elementor-element elementor-element-219017d elementor-widget elementor-widget-theme-post-featured-image elementor-widget-image\" data-id=\"219017d\" data-element_type=\"widget\" data-e-type=\"widget\" data-widget_type=\"theme-post-featured-image.default\">\n\t\t\t\t<div class=\"elementor-widget-container\">\n\t\t\t\t\t\t\t\t\t\t\t\t\t\t\t\t<a href=\"https:\/\/rheinhessenblog.de\/nl\/gruene-oasen-in-rheinhessen-was-blueht-denn-da\/\">\n\t\t\t\t\t\t\t<img loading=\"lazy\" decoding=\"async\" width=\"800\" height=\"600\" src=\"https:\/\/rheinhessenblog.de\/wp-content\/uploads\/2026\/07\/Rathausgarten_Dexheim_weiss-1024x768.jpg\" class=\"attachment-large size-large wp-image-17864\" alt=\"Wei\u00df bl\u00fchende Stauden und Naturgarten im Rathausgarten Dexheim\" srcset=\"https:\/\/rheinhessenblog.de\/wp-content\/uploads\/2026\/07\/Rathausgarten_Dexheim_weiss-1024x768.jpg 1024w, https:\/\/rheinhessenblog.de\/wp-content\/uploads\/2026\/07\/Rathausgarten_Dexheim_weiss-300x225.jpg 300w, https:\/\/rheinhessenblog.de\/wp-content\/uploads\/2026\/07\/Rathausgarten_Dexheim_weiss-768x576.jpg 768w, https:\/\/rheinhessenblog.de\/wp-content\/uploads\/2026\/07\/Rathausgarten_Dexheim_weiss-1536x1152.jpg 1536w, https:\/\/rheinhessenblog.de\/wp-content\/uploads\/2026\/07\/Rathausgarten_Dexheim_weiss-2048x1536.jpg 2048w, https:\/\/rheinhessenblog.de\/wp-content\/uploads\/2026\/07\/Rathausgarten_Dexheim_weiss-16x12.jpg 16w\" sizes=\"(max-width: 800px) 100vw, 800px\" \/>\t\t\t\t\t\t\t\t<\/a>\n\t\t\t\t\t\t\t\t\t\t\t\t\t\t\t<\/div>\n\t\t\t\t<\/div>\n\t\t\t\t<div class=\"elementor-element elementor-element-1087e1c elementor-widget__width-auto kat ha-has-bg-overlay elementor-widget elementor-widget-text-editor\" data-id=\"1087e1c\" data-element_type=\"widget\" data-e-type=\"widget\" data-widget_type=\"text-editor.default\">\n\t\t\t\t<div class=\"elementor-widget-container\">\n\t\t\t\t\t\t\t\t\t<ul class=\"rh-categories\"><li><a href=\"https:\/\/rheinhessenblog.de\/nl\/kategorie\/natur-erleben\/\" class=\"natur-erleben\"><img decoding=\"async\" src=\"https:\/\/rheinhessenblog.de\/wp-content\/uploads\/2023\/07\/Rheinhessen-Beitragskategorie-natur.svg\" alt=\"Natur erleben\"><\/a><\/li>    <\/ul>\n    \t\t\t\t\t\t\t\t<\/div>\n\t\t\t\t<\/div>\n\t\t\t\t\t<\/div>\n\t\t\t\t<\/div>\n\t\t\t\t<\/div>\n\t\t<style id=\"loop-dynamic-10658\">.e-loop-item-17766 .elementor-element.elementor-element-56fda87:not(.elementor-motion-effects-element-type-background), .e-loop-item-17766 .elementor-element.elementor-element-56fda87 > .elementor-motion-effects-container > .elementor-motion-effects-layer{background-color:#688569;}<\/style>\t\t<div data-elementor-type=\"loop-item\" data-elementor-id=\"10658\" class=\"elementor elementor-10658 e-loop-item e-loop-item-17766 post-17766 post type-post status-publish format-standard has-post-thumbnail hentry category-wandern tag-nierstein tag-oppenheim tag-rheinterrassenweg tag-roter-hang\" data-elementor-settings=\"{&quot;ha_cmc_init_switcher&quot;:&quot;no&quot;}\" data-elementor-post-type=\"elementor_library\" data-custom-edit-handle=\"1\">\n\t\t\t<div class=\"elementor-element elementor-element-c593506 e-flex e-con-boxed e-con e-parent\" data-id=\"c593506\" data-element_type=\"container\" data-e-type=\"container\" data-settings=\"{&quot;background_background&quot;:&quot;classic&quot;,&quot;_ha_eqh_enable&quot;:false}\">\n\t\t\t\t\t<div class=\"e-con-inner\">\n\t\t<div class=\"elementor-element elementor-element-56fda87 e-flex e-con-boxed e-con e-child\" data-id=\"56fda87\" data-element_type=\"container\" data-e-type=\"container\" data-settings=\"{&quot;background_background&quot;:&quot;classic&quot;,&quot;_ha_eqh_enable&quot;:false}\">\n\t\t\t\t\t<div class=\"e-con-inner\">\n\t\t\t\t<div class=\"elementor-element elementor-element-4718779 elementor-widget elementor-widget-theme-post-title elementor-page-title elementor-widget-heading\" data-id=\"4718779\" data-element_type=\"widget\" data-e-type=\"widget\" data-widget_type=\"theme-post-title.default\">\n\t\t\t\t<div class=\"elementor-widget-container\">\n\t\t\t\t\t<h3 class=\"elementor-heading-title elementor-size-default\"><a href=\"https:\/\/rheinhessenblog.de\/nl\/rheinterrassenweg-etappe-oppenheim-nierstein\/\">RheinTerrassenWeg Etappe Oppenheim-Nierstein: Mehr Stadt-Land-Fluss<\/a><\/h3>\t\t\t\t<\/div>\n\t\t\t\t<\/div>\n\t\t\t\t<div class=\"elementor-element elementor-element-b1cabc4 elementor-widget__width-inherit elementor-widget elementor-widget-post-info\" data-id=\"b1cabc4\" data-element_type=\"widget\" data-e-type=\"widget\" data-widget_type=\"post-info.default\">\n\t\t\t\t<div class=\"elementor-widget-container\">\n\t\t\t\t\t\t\t<ul class=\"elementor-inline-items elementor-icon-list-items elementor-post-info\">\n\t\t\t\t\t\t\t\t<li class=\"elementor-icon-list-item elementor-repeater-item-7099f6d elementor-inline-item\" itemprop=\"datePublished\">\n\t\t\t\t\t\t\t\t\t\t\t\t\t<span class=\"elementor-icon-list-text elementor-post-info__item elementor-post-info__item--type-date\">\n\t\t\t\t\t\t\t\t\t\t<time>30. juni 2026<\/time>\t\t\t\t\t<\/span>\n\t\t\t\t\t\t\t\t<\/li>\n\t\t\t\t<li class=\"elementor-icon-list-item elementor-repeater-item-750a35e elementor-inline-item\" itemprop=\"author\">\n\t\t\t\t\t\t<a href=\"https:\/\/rheinhessenblog.de\/nl\/author\/marina\/\">\n\t\t\t\t\t\t\t\t\t\t\t\t\t\t<span class=\"elementor-icon-list-text elementor-post-info__item elementor-post-info__item--type-author\">\n\t\t\t\t\t\t\t\t\t\tMarina Noble\t\t\t\t\t<\/span>\n\t\t\t\t\t\t\t\t\t<\/a>\n\t\t\t\t<\/li>\n\t\t\t\t<li class=\"elementor-icon-list-item elementor-repeater-item-6c422b3 elementor-inline-item\" itemprop=\"commentCount\">\n\t\t\t\t\t\t<a href=\"https:\/\/rheinhessenblog.de\/nl\/rheinterrassenweg-etappe-oppenheim-nierstein\/#respond\">\n\t\t\t\t\t\t\t\t\t\t\t\t\t\t<span class=\"elementor-icon-list-text elementor-post-info__item elementor-post-info__item--type-comments\">\n\t\t\t\t\t\t\t\t\t\t0 Kommentare\t\t\t\t\t<\/span>\n\t\t\t\t\t\t\t\t\t<\/a>\n\t\t\t\t<\/li>\n\t\t\t\t<\/ul>\n\t\t\t\t\t\t<\/div>\n\t\t\t\t<\/div>\n\t\t\t\t\t<\/div>\n\t\t\t\t<\/div>\n\t\t\t\t<div class=\"elementor-element elementor-element-219017d elementor-widget elementor-widget-theme-post-featured-image elementor-widget-image\" data-id=\"219017d\" data-element_type=\"widget\" data-e-type=\"widget\" data-widget_type=\"theme-post-featured-image.default\">\n\t\t\t\t<div class=\"elementor-widget-container\">\n\t\t\t\t\t\t\t\t\t\t\t\t\t\t\t\t<a href=\"https:\/\/rheinhessenblog.de\/nl\/rheinterrassenweg-etappe-oppenheim-nierstein\/\">\n\t\t\t\t\t\t\t<img loading=\"lazy\" decoding=\"async\" width=\"800\" height=\"600\" src=\"https:\/\/rheinhessenblog.de\/wp-content\/uploads\/2026\/06\/11_RTW26_Panoramablick-auf-Nierstein_marina-noble-1024x768.jpg\" class=\"attachment-large size-large wp-image-17762\" alt=\"Panoramablick auf Nierstein, Rhein und Weinberge in Rheinhessen\" srcset=\"https:\/\/rheinhessenblog.de\/wp-content\/uploads\/2026\/06\/11_RTW26_Panoramablick-auf-Nierstein_marina-noble-1024x768.jpg 1024w, https:\/\/rheinhessenblog.de\/wp-content\/uploads\/2026\/06\/11_RTW26_Panoramablick-auf-Nierstein_marina-noble-300x225.jpg 300w, https:\/\/rheinhessenblog.de\/wp-content\/uploads\/2026\/06\/11_RTW26_Panoramablick-auf-Nierstein_marina-noble-768x576.jpg 768w, https:\/\/rheinhessenblog.de\/wp-content\/uploads\/2026\/06\/11_RTW26_Panoramablick-auf-Nierstein_marina-noble-1536x1152.jpg 1536w, https:\/\/rheinhessenblog.de\/wp-content\/uploads\/2026\/06\/11_RTW26_Panoramablick-auf-Nierstein_marina-noble-2048x1536.jpg 2048w, https:\/\/rheinhessenblog.de\/wp-content\/uploads\/2026\/06\/11_RTW26_Panoramablick-auf-Nierstein_marina-noble-16x12.jpg 16w\" sizes=\"(max-width: 800px) 100vw, 800px\" \/>\t\t\t\t\t\t\t\t<\/a>\n\t\t\t\t\t\t\t\t\t\t\t\t\t\t\t<\/div>\n\t\t\t\t<\/div>\n\t\t\t\t<div class=\"elementor-element elementor-element-1087e1c elementor-widget__width-auto kat ha-has-bg-overlay elementor-widget elementor-widget-text-editor\" data-id=\"1087e1c\" data-element_type=\"widget\" data-e-type=\"widget\" data-widget_type=\"text-editor.default\">\n\t\t\t\t<div class=\"elementor-widget-container\">\n\t\t\t\t\t\t\t\t\t<ul class=\"rh-categories\"><li><a href=\"https:\/\/rheinhessenblog.de\/nl\/kategorie\/wandern\/\" class=\"wandern\"><img decoding=\"async\" src=\"https:\/\/rheinhessenblog.de\/wp-content\/uploads\/2023\/07\/Rheinhessen-Beitragskategorie-Wandern.svg\" alt=\"Wandern\"><\/a><\/li>    <\/ul>\n    \t\t\t\t\t\t\t\t<\/div>\n\t\t\t\t<\/div>\n\t\t\t\t\t<\/div>\n\t\t\t\t<\/div>\n\t\t\t\t<\/div>\n\t\t<style id=\"loop-dynamic-10658\">.e-loop-item-17652 .elementor-element.elementor-element-56fda87:not(.elementor-motion-effects-element-type-background), .e-loop-item-17652 .elementor-element.elementor-element-56fda87 > .elementor-motion-effects-container > .elementor-motion-effects-layer{background-color:#9bcea4;}<\/style>\t\t<div data-elementor-type=\"loop-item\" data-elementor-id=\"10658\" class=\"elementor elementor-10658 e-loop-item e-loop-item-17652 post-17652 post type-post status-publish format-standard has-post-thumbnail hentry category-natur-erleben category-wein-kulinarik tag-nierstein tag-rheinterrassenweg tag-roter-hang tag-weingenuss\" data-elementor-settings=\"{&quot;ha_cmc_init_switcher&quot;:&quot;no&quot;}\" data-elementor-post-type=\"elementor_library\" data-custom-edit-handle=\"1\">\n\t\t\t<div class=\"elementor-element elementor-element-c593506 e-flex e-con-boxed e-con e-parent\" data-id=\"c593506\" data-element_type=\"container\" data-e-type=\"container\" data-settings=\"{&quot;background_background&quot;:&quot;classic&quot;,&quot;_ha_eqh_enable&quot;:false}\">\n\t\t\t\t\t<div class=\"e-con-inner\">\n\t\t<div class=\"elementor-element elementor-element-56fda87 e-flex e-con-boxed e-con e-child\" data-id=\"56fda87\" data-element_type=\"container\" data-e-type=\"container\" data-settings=\"{&quot;background_background&quot;:&quot;classic&quot;,&quot;_ha_eqh_enable&quot;:false}\">\n\t\t\t\t\t<div class=\"e-con-inner\">\n\t\t\t\t<div class=\"elementor-element elementor-element-4718779 elementor-widget elementor-widget-theme-post-title elementor-page-title elementor-widget-heading\" data-id=\"4718779\" data-element_type=\"widget\" data-e-type=\"widget\" data-widget_type=\"theme-post-title.default\">\n\t\t\t\t<div class=\"elementor-widget-container\">\n\t\t\t\t\t<h3 class=\"elementor-heading-title elementor-size-default\"><a href=\"https:\/\/rheinhessenblog.de\/nl\/der-rote-hang-in-rheinhessen-wein-wandern\/\">Der \u201eRote Hang\u201c in Rheinhessen \u2013 zwischen Rhein und Himmel zu Hause<\/a><\/h3>\t\t\t\t<\/div>\n\t\t\t\t<\/div>\n\t\t\t\t<div class=\"elementor-element elementor-element-b1cabc4 elementor-widget__width-inherit elementor-widget elementor-widget-post-info\" data-id=\"b1cabc4\" data-element_type=\"widget\" data-e-type=\"widget\" data-widget_type=\"post-info.default\">\n\t\t\t\t<div class=\"elementor-widget-container\">\n\t\t\t\t\t\t\t<ul class=\"elementor-inline-items elementor-icon-list-items elementor-post-info\">\n\t\t\t\t\t\t\t\t<li class=\"elementor-icon-list-item elementor-repeater-item-7099f6d elementor-inline-item\" itemprop=\"datePublished\">\n\t\t\t\t\t\t\t\t\t\t\t\t\t<span class=\"elementor-icon-list-text elementor-post-info__item elementor-post-info__item--type-date\">\n\t\t\t\t\t\t\t\t\t\t<time>9. juni 2026<\/time>\t\t\t\t\t<\/span>\n\t\t\t\t\t\t\t\t<\/li>\n\t\t\t\t<li class=\"elementor-icon-list-item elementor-repeater-item-750a35e elementor-inline-item\" itemprop=\"author\">\n\t\t\t\t\t\t<a href=\"https:\/\/rheinhessenblog.de\/nl\/author\/katja-zentel\/\">\n\t\t\t\t\t\t\t\t\t\t\t\t\t\t<span class=\"elementor-icon-list-text elementor-post-info__item elementor-post-info__item--type-author\">\n\t\t\t\t\t\t\t\t\t\tKatja Zentel\t\t\t\t\t<\/span>\n\t\t\t\t\t\t\t\t\t<\/a>\n\t\t\t\t<\/li>\n\t\t\t\t<li class=\"elementor-icon-list-item elementor-repeater-item-6c422b3 elementor-inline-item\" itemprop=\"commentCount\">\n\t\t\t\t\t\t<a href=\"https:\/\/rheinhessenblog.de\/nl\/der-rote-hang-in-rheinhessen-wein-wandern\/#comments\">\n\t\t\t\t\t\t\t\t\t\t\t\t\t\t<span class=\"elementor-icon-list-text elementor-post-info__item elementor-post-info__item--type-comments\">\n\t\t\t\t\t\t\t\t\t\t2 reacties\t\t\t\t\t<\/span>\n\t\t\t\t\t\t\t\t\t<\/a>\n\t\t\t\t<\/li>\n\t\t\t\t<\/ul>\n\t\t\t\t\t\t<\/div>\n\t\t\t\t<\/div>\n\t\t\t\t\t<\/div>\n\t\t\t\t<\/div>\n\t\t\t\t<div class=\"elementor-element elementor-element-219017d elementor-widget elementor-widget-theme-post-featured-image elementor-widget-image\" data-id=\"219017d\" data-element_type=\"widget\" data-e-type=\"widget\" data-widget_type=\"theme-post-featured-image.default\">\n\t\t\t\t<div class=\"elementor-widget-container\">\n\t\t\t\t\t\t\t\t\t\t\t\t\t\t\t\t<a href=\"https:\/\/rheinhessenblog.de\/nl\/der-rote-hang-in-rheinhessen-wein-wandern\/\">\n\t\t\t\t\t\t\t<img loading=\"lazy\" decoding=\"async\" width=\"800\" height=\"267\" src=\"https:\/\/rheinhessenblog.de\/wp-content\/uploads\/2026\/06\/RHT-2019-Rheinradweg-261-Roter-Hang-Nierstein-1024x342.jpg\" class=\"attachment-large size-large wp-image-17654\" alt=\"Zwei Radfahrer sind auf dem Rheinterrassenweg unetwegs. Sie sind gerade unterhalb des Roten Hangs bei Nierstein.\" srcset=\"https:\/\/rheinhessenblog.de\/wp-content\/uploads\/2026\/06\/RHT-2019-Rheinradweg-261-Roter-Hang-Nierstein-1024x342.jpg 1024w, https:\/\/rheinhessenblog.de\/wp-content\/uploads\/2026\/06\/RHT-2019-Rheinradweg-261-Roter-Hang-Nierstein-300x100.jpg 300w, https:\/\/rheinhessenblog.de\/wp-content\/uploads\/2026\/06\/RHT-2019-Rheinradweg-261-Roter-Hang-Nierstein-768x257.jpg 768w, https:\/\/rheinhessenblog.de\/wp-content\/uploads\/2026\/06\/RHT-2019-Rheinradweg-261-Roter-Hang-Nierstein-1536x514.jpg 1536w, https:\/\/rheinhessenblog.de\/wp-content\/uploads\/2026\/06\/RHT-2019-Rheinradweg-261-Roter-Hang-Nierstein-2048x685.jpg 2048w, https:\/\/rheinhessenblog.de\/wp-content\/uploads\/2026\/06\/RHT-2019-Rheinradweg-261-Roter-Hang-Nierstein-18x6.jpg 18w\" sizes=\"(max-width: 800px) 100vw, 800px\" \/>\t\t\t\t\t\t\t\t<\/a>\n\t\t\t\t\t\t\t\t\t\t\t\t\t\t\t<\/div>\n\t\t\t\t<\/div>\n\t\t\t\t<div class=\"elementor-element elementor-element-1087e1c elementor-widget__width-auto kat ha-has-bg-overlay elementor-widget elementor-widget-text-editor\" data-id=\"1087e1c\" data-element_type=\"widget\" data-e-type=\"widget\" data-widget_type=\"text-editor.default\">\n\t\t\t\t<div class=\"elementor-widget-container\">\n\t\t\t\t\t\t\t\t\t<ul class=\"rh-categories\"><li><a href=\"https:\/\/rheinhessenblog.de\/nl\/kategorie\/natur-erleben\/\" class=\"natur-erleben\"><img decoding=\"async\" src=\"https:\/\/rheinhessenblog.de\/wp-content\/uploads\/2023\/07\/Rheinhessen-Beitragskategorie-natur.svg\" alt=\"Natur erleben\"><\/a><\/li><li><a href=\"https:\/\/rheinhessenblog.de\/nl\/kategorie\/wein-kulinarik\/\" class=\"wein-kulinarik\"><img decoding=\"async\" src=\"https:\/\/rheinhessenblog.de\/wp-content\/uploads\/2023\/07\/Rheinhessen-Beitragskategorie-weinverkostung.svg\" alt=\"Wein &amp; Kulinarik\"><\/a><\/li>    <\/ul>\n    \t\t\t\t\t\t\t\t<\/div>\n\t\t\t\t<\/div>\n\t\t\t\t\t<\/div>\n\t\t\t\t<\/div>\n\t\t\t\t<\/div>\n\t\t<style id=\"loop-dynamic-10658\">.e-loop-item-17606 .elementor-element.elementor-element-56fda87:not(.elementor-motion-effects-element-type-background), .e-loop-item-17606 .elementor-element.elementor-element-56fda87 > .elementor-motion-effects-container > .elementor-motion-effects-layer{background-color:#961e7a;}<\/style>\t\t<div data-elementor-type=\"loop-item\" data-elementor-id=\"10658\" class=\"elementor elementor-10658 e-loop-item e-loop-item-17606 post-17606 post type-post status-publish format-standard has-post-thumbnail hentry category-wein-kulinarik\" data-elementor-settings=\"{&quot;ha_cmc_init_switcher&quot;:&quot;no&quot;}\" data-elementor-post-type=\"elementor_library\" data-custom-edit-handle=\"1\">\n\t\t\t<div class=\"elementor-element elementor-element-c593506 e-flex e-con-boxed e-con e-parent\" data-id=\"c593506\" data-element_type=\"container\" data-e-type=\"container\" data-settings=\"{&quot;background_background&quot;:&quot;classic&quot;,&quot;_ha_eqh_enable&quot;:false}\">\n\t\t\t\t\t<div class=\"e-con-inner\">\n\t\t<div class=\"elementor-element elementor-element-56fda87 e-flex e-con-boxed e-con e-child\" data-id=\"56fda87\" data-element_type=\"container\" data-e-type=\"container\" data-settings=\"{&quot;background_background&quot;:&quot;classic&quot;,&quot;_ha_eqh_enable&quot;:false}\">\n\t\t\t\t\t<div class=\"e-con-inner\">\n\t\t\t\t<div class=\"elementor-element elementor-element-4718779 elementor-widget elementor-widget-theme-post-title elementor-page-title elementor-widget-heading\" data-id=\"4718779\" data-element_type=\"widget\" data-e-type=\"widget\" data-widget_type=\"theme-post-title.default\">\n\t\t\t\t<div class=\"elementor-widget-container\">\n\t\t\t\t\t<h3 class=\"elementor-heading-title elementor-size-default\"><a href=\"https:\/\/rheinhessenblog.de\/nl\/die-schoensten-weinterrassen-mit-aussicht-in-rheinhessen\/\">Die sch\u00f6nsten Weinterrassen mit Aussicht in Rheinhessen<\/a><\/h3>\t\t\t\t<\/div>\n\t\t\t\t<\/div>\n\t\t\t\t<div class=\"elementor-element elementor-element-b1cabc4 elementor-widget__width-inherit elementor-widget elementor-widget-post-info\" data-id=\"b1cabc4\" data-element_type=\"widget\" data-e-type=\"widget\" data-widget_type=\"post-info.default\">\n\t\t\t\t<div class=\"elementor-widget-container\">\n\t\t\t\t\t\t\t<ul class=\"elementor-inline-items elementor-icon-list-items elementor-post-info\">\n\t\t\t\t\t\t\t\t<li class=\"elementor-icon-list-item elementor-repeater-item-7099f6d elementor-inline-item\" itemprop=\"datePublished\">\n\t\t\t\t\t\t\t\t\t\t\t\t\t<span class=\"elementor-icon-list-text elementor-post-info__item elementor-post-info__item--type-date\">\n\t\t\t\t\t\t\t\t\t\t<time>27. mei 2026<\/time>\t\t\t\t\t<\/span>\n\t\t\t\t\t\t\t\t<\/li>\n\t\t\t\t<li class=\"elementor-icon-list-item elementor-repeater-item-750a35e elementor-inline-item\" itemprop=\"author\">\n\t\t\t\t\t\t<a href=\"https:\/\/rheinhessenblog.de\/nl\/author\/marina\/\">\n\t\t\t\t\t\t\t\t\t\t\t\t\t\t<span class=\"elementor-icon-list-text elementor-post-info__item elementor-post-info__item--type-author\">\n\t\t\t\t\t\t\t\t\t\tMarina Noble\t\t\t\t\t<\/span>\n\t\t\t\t\t\t\t\t\t<\/a>\n\t\t\t\t<\/li>\n\t\t\t\t<li class=\"elementor-icon-list-item elementor-repeater-item-6c422b3 elementor-inline-item\" itemprop=\"commentCount\">\n\t\t\t\t\t\t<a href=\"https:\/\/rheinhessenblog.de\/nl\/die-schoensten-weinterrassen-mit-aussicht-in-rheinhessen\/#respond\">\n\t\t\t\t\t\t\t\t\t\t\t\t\t\t<span class=\"elementor-icon-list-text elementor-post-info__item elementor-post-info__item--type-comments\">\n\t\t\t\t\t\t\t\t\t\t0 Kommentare\t\t\t\t\t<\/span>\n\t\t\t\t\t\t\t\t\t<\/a>\n\t\t\t\t<\/li>\n\t\t\t\t<\/ul>\n\t\t\t\t\t\t<\/div>\n\t\t\t\t<\/div>\n\t\t\t\t\t<\/div>\n\t\t\t\t<\/div>\n\t\t\t\t<div class=\"elementor-element elementor-element-219017d elementor-widget elementor-widget-theme-post-featured-image elementor-widget-image\" data-id=\"219017d\" data-element_type=\"widget\" data-e-type=\"widget\" data-widget_type=\"theme-post-featured-image.default\">\n\t\t\t\t<div class=\"elementor-widget-container\">\n\t\t\t\t\t\t\t\t\t\t\t\t\t\t\t\t<a href=\"https:\/\/rheinhessenblog.de\/nl\/die-schoensten-weinterrassen-mit-aussicht-in-rheinhessen\/\">\n\t\t\t\t\t\t\t<img loading=\"lazy\" decoding=\"async\" width=\"800\" height=\"534\" src=\"https:\/\/rheinhessenblog.de\/wp-content\/uploads\/2026\/05\/Trautwein-TerrassenRheinhessen-4699-1024x683.jpg\" class=\"attachment-large size-large wp-image-17623\" alt=\"\" srcset=\"https:\/\/rheinhessenblog.de\/wp-content\/uploads\/2026\/05\/Trautwein-TerrassenRheinhessen-4699-1024x683.jpg 1024w, https:\/\/rheinhessenblog.de\/wp-content\/uploads\/2026\/05\/Trautwein-TerrassenRheinhessen-4699-300x200.jpg 300w, https:\/\/rheinhessenblog.de\/wp-content\/uploads\/2026\/05\/Trautwein-TerrassenRheinhessen-4699-768x512.jpg 768w, https:\/\/rheinhessenblog.de\/wp-content\/uploads\/2026\/05\/Trautwein-TerrassenRheinhessen-4699-1536x1025.jpg 1536w, https:\/\/rheinhessenblog.de\/wp-content\/uploads\/2026\/05\/Trautwein-TerrassenRheinhessen-4699-2048x1366.jpg 2048w, https:\/\/rheinhessenblog.de\/wp-content\/uploads\/2026\/05\/Trautwein-TerrassenRheinhessen-4699-18x12.jpg 18w\" sizes=\"(max-width: 800px) 100vw, 800px\" \/>\t\t\t\t\t\t\t\t<\/a>\n\t\t\t\t\t\t\t\t\t\t\t\t\t\t\t<\/div>\n\t\t\t\t<\/div>\n\t\t\t\t<div class=\"elementor-element elementor-element-1087e1c elementor-widget__width-auto kat ha-has-bg-overlay elementor-widget elementor-widget-text-editor\" data-id=\"1087e1c\" data-element_type=\"widget\" data-e-type=\"widget\" data-widget_type=\"text-editor.default\">\n\t\t\t\t<div class=\"elementor-widget-container\">\n\t\t\t\t\t\t\t\t\t<ul class=\"rh-categories\"><li><a href=\"https:\/\/rheinhessenblog.de\/nl\/kategorie\/wein-kulinarik\/\" class=\"wein-kulinarik\"><img decoding=\"async\" src=\"https:\/\/rheinhessenblog.de\/wp-content\/uploads\/2023\/07\/Rheinhessen-Beitragskategorie-weinverkostung.svg\" alt=\"Wein &amp; Kulinarik\"><\/a><\/li>    <\/ul>\n    \t\t\t\t\t\t\t\t<\/div>\n\t\t\t\t<\/div>\n\t\t\t\t\t<\/div>\n\t\t\t\t<\/div>\n\t\t\t\t<\/div>\n\t\t<style id=\"loop-dynamic-10658\">.e-loop-item-17554 .elementor-element.elementor-element-56fda87:not(.elementor-motion-effects-element-type-background), .e-loop-item-17554 .elementor-element.elementor-element-56fda87 > .elementor-motion-effects-container > .elementor-motion-effects-layer{background-color:#961e7a;}<\/style>\t\t<div data-elementor-type=\"loop-item\" data-elementor-id=\"10658\" class=\"elementor elementor-10658 e-loop-item e-loop-item-17554 post-17554 post type-post status-publish format-standard has-post-thumbnail hentry category-wein-kulinarik\" data-elementor-settings=\"{&quot;ha_cmc_init_switcher&quot;:&quot;no&quot;}\" data-elementor-post-type=\"elementor_library\" data-custom-edit-handle=\"1\">\n\t\t\t<div class=\"elementor-element elementor-element-c593506 e-flex e-con-boxed e-con e-parent\" data-id=\"c593506\" data-element_type=\"container\" data-e-type=\"container\" data-settings=\"{&quot;background_background&quot;:&quot;classic&quot;,&quot;_ha_eqh_enable&quot;:false}\">\n\t\t\t\t\t<div class=\"e-con-inner\">\n\t\t<div class=\"elementor-element elementor-element-56fda87 e-flex e-con-boxed e-con e-child\" data-id=\"56fda87\" data-element_type=\"container\" data-e-type=\"container\" data-settings=\"{&quot;background_background&quot;:&quot;classic&quot;,&quot;_ha_eqh_enable&quot;:false}\">\n\t\t\t\t\t<div class=\"e-con-inner\">\n\t\t\t\t<div class=\"elementor-element elementor-element-4718779 elementor-widget elementor-widget-theme-post-title elementor-page-title elementor-widget-heading\" data-id=\"4718779\" data-element_type=\"widget\" data-e-type=\"widget\" data-widget_type=\"theme-post-title.default\">\n\t\t\t\t<div class=\"elementor-widget-container\">\n\t\t\t\t\t<h3 class=\"elementor-heading-title elementor-size-default\"><a href=\"https:\/\/rheinhessenblog.de\/nl\/best-of-wine-tourism-award-2026-hundertguldenmuehle\/\">Best of Wine Tourism Award 2026: Weinrestaurant mitten in historischem Weinberg<\/a><\/h3>\t\t\t\t<\/div>\n\t\t\t\t<\/div>\n\t\t\t\t<div class=\"elementor-element elementor-element-b1cabc4 elementor-widget__width-inherit elementor-widget elementor-widget-post-info\" data-id=\"b1cabc4\" data-element_type=\"widget\" data-e-type=\"widget\" data-widget_type=\"post-info.default\">\n\t\t\t\t<div class=\"elementor-widget-container\">\n\t\t\t\t\t\t\t<ul class=\"elementor-inline-items elementor-icon-list-items elementor-post-info\">\n\t\t\t\t\t\t\t\t<li class=\"elementor-icon-list-item elementor-repeater-item-7099f6d elementor-inline-item\" itemprop=\"datePublished\">\n\t\t\t\t\t\t\t\t\t\t\t\t\t<span class=\"elementor-icon-list-text elementor-post-info__item elementor-post-info__item--type-date\">\n\t\t\t\t\t\t\t\t\t\t<time>18. mei 2026<\/time>\t\t\t\t\t<\/span>\n\t\t\t\t\t\t\t\t<\/li>\n\t\t\t\t<li class=\"elementor-icon-list-item elementor-repeater-item-750a35e elementor-inline-item\" itemprop=\"author\">\n\t\t\t\t\t\t<a href=\"https:\/\/rheinhessenblog.de\/nl\/author\/wolfgang-junglas\/\">\n\t\t\t\t\t\t\t\t\t\t\t\t\t\t<span class=\"elementor-icon-list-text elementor-post-info__item elementor-post-info__item--type-author\">\n\t\t\t\t\t\t\t\t\t\tWolfgang Junglas\t\t\t\t\t<\/span>\n\t\t\t\t\t\t\t\t\t<\/a>\n\t\t\t\t<\/li>\n\t\t\t\t<li class=\"elementor-icon-list-item elementor-repeater-item-6c422b3 elementor-inline-item\" itemprop=\"commentCount\">\n\t\t\t\t\t\t<a href=\"https:\/\/rheinhessenblog.de\/nl\/best-of-wine-tourism-award-2026-hundertguldenmuehle\/#respond\">\n\t\t\t\t\t\t\t\t\t\t\t\t\t\t<span class=\"elementor-icon-list-text elementor-post-info__item elementor-post-info__item--type-comments\">\n\t\t\t\t\t\t\t\t\t\t0 Kommentare\t\t\t\t\t<\/span>\n\t\t\t\t\t\t\t\t\t<\/a>\n\t\t\t\t<\/li>\n\t\t\t\t<\/ul>\n\t\t\t\t\t\t<\/div>\n\t\t\t\t<\/div>\n\t\t\t\t\t<\/div>\n\t\t\t\t<\/div>\n\t\t\t\t<div class=\"elementor-element elementor-element-219017d elementor-widget elementor-widget-theme-post-featured-image elementor-widget-image\" data-id=\"219017d\" data-element_type=\"widget\" data-e-type=\"widget\" data-widget_type=\"theme-post-featured-image.default\">\n\t\t\t\t<div class=\"elementor-widget-container\">\n\t\t\t\t\t\t\t\t\t\t\t\t\t\t\t\t<a href=\"https:\/\/rheinhessenblog.de\/nl\/best-of-wine-tourism-award-2026-hundertguldenmuehle\/\">\n\t\t\t\t\t\t\t<img loading=\"lazy\" decoding=\"async\" width=\"800\" height=\"534\" src=\"https:\/\/rheinhessenblog.de\/wp-content\/uploads\/2026\/05\/5R059542-1024x683.jpg\" class=\"attachment-large size-large wp-image-17559\" alt=\"Inhaberin und K\u00f6chin Eva Eppard steht am Eingang zu ihrem Restaurant Hundertguldenm\u00fchle in Appenheim\" srcset=\"https:\/\/rheinhessenblog.de\/wp-content\/uploads\/2026\/05\/5R059542-1024x683.jpg 1024w, https:\/\/rheinhessenblog.de\/wp-content\/uploads\/2026\/05\/5R059542-300x200.jpg 300w, https:\/\/rheinhessenblog.de\/wp-content\/uploads\/2026\/05\/5R059542-768x512.jpg 768w, https:\/\/rheinhessenblog.de\/wp-content\/uploads\/2026\/05\/5R059542-1536x1024.jpg 1536w, https:\/\/rheinhessenblog.de\/wp-content\/uploads\/2026\/05\/5R059542-2048x1366.jpg 2048w, https:\/\/rheinhessenblog.de\/wp-content\/uploads\/2026\/05\/5R059542-18x12.jpg 18w\" sizes=\"(max-width: 800px) 100vw, 800px\" \/>\t\t\t\t\t\t\t\t<\/a>\n\t\t\t\t\t\t\t\t\t\t\t\t\t\t\t<\/div>\n\t\t\t\t<\/div>\n\t\t\t\t<div class=\"elementor-element elementor-element-1087e1c elementor-widget__width-auto kat ha-has-bg-overlay elementor-widget elementor-widget-text-editor\" data-id=\"1087e1c\" data-element_type=\"widget\" data-e-type=\"widget\" data-widget_type=\"text-editor.default\">\n\t\t\t\t<div class=\"elementor-widget-container\">\n\t\t\t\t\t\t\t\t\t<ul class=\"rh-categories\"><li><a href=\"https:\/\/rheinhessenblog.de\/nl\/kategorie\/wein-kulinarik\/\" class=\"wein-kulinarik\"><img decoding=\"async\" src=\"https:\/\/rheinhessenblog.de\/wp-content\/uploads\/2023\/07\/Rheinhessen-Beitragskategorie-weinverkostung.svg\" alt=\"Wein &amp; Kulinarik\"><\/a><\/li>    <\/ul>\n    \t\t\t\t\t\t\t\t<\/div>\n\t\t\t\t<\/div>\n\t\t\t\t\t<\/div>\n\t\t\t\t<\/div>\n\t\t\t\t<\/div>\n\t\t<style id=\"loop-dynamic-10658\">.e-loop-item-17508 .elementor-element.elementor-element-56fda87:not(.elementor-motion-effects-element-type-background), .e-loop-item-17508 .elementor-element.elementor-element-56fda87 > .elementor-motion-effects-container > .elementor-motion-effects-layer{background-color:#e6957a;}<\/style>\t\t<div data-elementor-type=\"loop-item\" data-elementor-id=\"10658\" class=\"elementor elementor-10658 e-loop-item e-loop-item-17508 post-17508 post type-post status-publish format-standard has-post-thumbnail hentry category-radfahren\" data-elementor-settings=\"{&quot;ha_cmc_init_switcher&quot;:&quot;no&quot;}\" data-elementor-post-type=\"elementor_library\" data-custom-edit-handle=\"1\">\n\t\t\t<div class=\"elementor-element elementor-element-c593506 e-flex e-con-boxed e-con e-parent\" data-id=\"c593506\" data-element_type=\"container\" data-e-type=\"container\" data-settings=\"{&quot;background_background&quot;:&quot;classic&quot;,&quot;_ha_eqh_enable&quot;:false}\">\n\t\t\t\t\t<div class=\"e-con-inner\">\n\t\t<div class=\"elementor-element elementor-element-56fda87 e-flex e-con-boxed e-con e-child\" data-id=\"56fda87\" data-element_type=\"container\" data-e-type=\"container\" data-settings=\"{&quot;background_background&quot;:&quot;classic&quot;,&quot;_ha_eqh_enable&quot;:false}\">\n\t\t\t\t\t<div class=\"e-con-inner\">\n\t\t\t\t<div class=\"elementor-element elementor-element-4718779 elementor-widget elementor-widget-theme-post-title elementor-page-title elementor-widget-heading\" data-id=\"4718779\" data-element_type=\"widget\" data-e-type=\"widget\" data-widget_type=\"theme-post-title.default\">\n\t\t\t\t<div class=\"elementor-widget-container\">\n\t\t\t\t\t<h3 class=\"elementor-heading-title elementor-size-default\"><a href=\"https:\/\/rheinhessenblog.de\/nl\/radliebe-rheinhessen-die-schoensten-strecken\/\">Radliebe Rheinhessen: Die sch\u00f6nsten Streckenabschnitte durch das Weinland<\/a><\/h3>\t\t\t\t<\/div>\n\t\t\t\t<\/div>\n\t\t\t\t<div class=\"elementor-element elementor-element-b1cabc4 elementor-widget__width-inherit elementor-widget elementor-widget-post-info\" data-id=\"b1cabc4\" data-element_type=\"widget\" data-e-type=\"widget\" data-widget_type=\"post-info.default\">\n\t\t\t\t<div class=\"elementor-widget-container\">\n\t\t\t\t\t\t\t<ul class=\"elementor-inline-items elementor-icon-list-items elementor-post-info\">\n\t\t\t\t\t\t\t\t<li class=\"elementor-icon-list-item elementor-repeater-item-7099f6d elementor-inline-item\" itemprop=\"datePublished\">\n\t\t\t\t\t\t\t\t\t\t\t\t\t<span class=\"elementor-icon-list-text elementor-post-info__item elementor-post-info__item--type-date\">\n\t\t\t\t\t\t\t\t\t\t<time>7. mei 2026<\/time>\t\t\t\t\t<\/span>\n\t\t\t\t\t\t\t\t<\/li>\n\t\t\t\t<li class=\"elementor-icon-list-item elementor-repeater-item-750a35e elementor-inline-item\" itemprop=\"author\">\n\t\t\t\t\t\t<a href=\"https:\/\/rheinhessenblog.de\/nl\/author\/jaeger\/\">\n\t\t\t\t\t\t\t\t\t\t\t\t\t\t<span class=\"elementor-icon-list-text elementor-post-info__item elementor-post-info__item--type-author\">\n\t\t\t\t\t\t\t\t\t\tKaren J\u00e4ger\t\t\t\t\t<\/span>\n\t\t\t\t\t\t\t\t\t<\/a>\n\t\t\t\t<\/li>\n\t\t\t\t<li class=\"elementor-icon-list-item elementor-repeater-item-6c422b3 elementor-inline-item\" itemprop=\"commentCount\">\n\t\t\t\t\t\t<a href=\"https:\/\/rheinhessenblog.de\/nl\/radliebe-rheinhessen-die-schoensten-strecken\/#respond\">\n\t\t\t\t\t\t\t\t\t\t\t\t\t\t<span class=\"elementor-icon-list-text elementor-post-info__item elementor-post-info__item--type-comments\">\n\t\t\t\t\t\t\t\t\t\t0 Kommentare\t\t\t\t\t<\/span>\n\t\t\t\t\t\t\t\t\t<\/a>\n\t\t\t\t<\/li>\n\t\t\t\t<\/ul>\n\t\t\t\t\t\t<\/div>\n\t\t\t\t<\/div>\n\t\t\t\t\t<\/div>\n\t\t\t\t<\/div>\n\t\t\t\t<div class=\"elementor-element elementor-element-219017d elementor-widget elementor-widget-theme-post-featured-image elementor-widget-image\" data-id=\"219017d\" data-element_type=\"widget\" data-e-type=\"widget\" data-widget_type=\"theme-post-featured-image.default\">\n\t\t\t\t<div class=\"elementor-widget-container\">\n\t\t\t\t\t\t\t\t\t\t\t\t\t\t\t\t<a href=\"https:\/\/rheinhessenblog.de\/nl\/radliebe-rheinhessen-die-schoensten-strecken\/\">\n\t\t\t\t\t\t\t<img loading=\"lazy\" decoding=\"async\" width=\"800\" height=\"534\" src=\"https:\/\/rheinhessenblog.de\/wp-content\/uploads\/2018\/03\/Nierstein-Roter-Hang-nierstein_0154434_Georg-Knoll-1024x683.jpg\" class=\"attachment-large size-large wp-image-1680\" alt=\"Radfahrer fahren auf dem Rheinterassenradweg, am Roten Hang zwischen Nierstein und Nackenheim\" srcset=\"https:\/\/rheinhessenblog.de\/wp-content\/uploads\/2018\/03\/Nierstein-Roter-Hang-nierstein_0154434_Georg-Knoll-1024x683.jpg 1024w, https:\/\/rheinhessenblog.de\/wp-content\/uploads\/2018\/03\/Nierstein-Roter-Hang-nierstein_0154434_Georg-Knoll-300x200.jpg 300w, https:\/\/rheinhessenblog.de\/wp-content\/uploads\/2018\/03\/Nierstein-Roter-Hang-nierstein_0154434_Georg-Knoll-768x512.jpg 768w, https:\/\/rheinhessenblog.de\/wp-content\/uploads\/2018\/03\/Nierstein-Roter-Hang-nierstein_0154434_Georg-Knoll-1536x1024.jpg 1536w, https:\/\/rheinhessenblog.de\/wp-content\/uploads\/2018\/03\/Nierstein-Roter-Hang-nierstein_0154434_Georg-Knoll-2048x1365.jpg 2048w\" sizes=\"(max-width: 800px) 100vw, 800px\" \/>\t\t\t\t\t\t\t\t<\/a>\n\t\t\t\t\t\t\t\t\t\t\t\t\t\t\t<\/div>\n\t\t\t\t<\/div>\n\t\t\t\t<div class=\"elementor-element elementor-element-1087e1c elementor-widget__width-auto kat ha-has-bg-overlay elementor-widget elementor-widget-text-editor\" data-id=\"1087e1c\" data-element_type=\"widget\" data-e-type=\"widget\" data-widget_type=\"text-editor.default\">\n\t\t\t\t<div class=\"elementor-widget-container\">\n\t\t\t\t\t\t\t\t\t<ul class=\"rh-categories\"><li><a href=\"https:\/\/rheinhessenblog.de\/nl\/kategorie\/radfahren\/\" class=\"radfahren\"><img decoding=\"async\" src=\"https:\/\/rheinhessenblog.de\/wp-content\/uploads\/2023\/09\/Rheinhessen-Beitragskategorie-fahrradfahren.svg\" alt=\"Radfahren\"><\/a><\/li>    <\/ul>\n    \t\t\t\t\t\t\t\t<\/div>\n\t\t\t\t<\/div>\n\t\t\t\t\t<\/div>\n\t\t\t\t<\/div>\n\t\t\t\t<\/div>\n\t\t<style id=\"loop-dynamic-10658\">.e-loop-item-17440 .elementor-element.elementor-element-56fda87:not(.elementor-motion-effects-element-type-background), .e-loop-item-17440 .elementor-element.elementor-element-56fda87 > .elementor-motion-effects-container > .elementor-motion-effects-layer{background-color:#797fb8;}<\/style>\t\t<div data-elementor-type=\"loop-item\" data-elementor-id=\"10658\" class=\"elementor elementor-10658 e-loop-item e-loop-item-17440 post-17440 post type-post status-publish format-standard has-post-thumbnail hentry category-kultur-entdecken\" data-elementor-settings=\"{&quot;ha_cmc_init_switcher&quot;:&quot;no&quot;}\" data-elementor-post-type=\"elementor_library\" data-custom-edit-handle=\"1\">\n\t\t\t<div class=\"elementor-element elementor-element-c593506 e-flex e-con-boxed e-con e-parent\" data-id=\"c593506\" data-element_type=\"container\" data-e-type=\"container\" data-settings=\"{&quot;background_background&quot;:&quot;classic&quot;,&quot;_ha_eqh_enable&quot;:false}\">\n\t\t\t\t\t<div class=\"e-con-inner\">\n\t\t<div class=\"elementor-element elementor-element-56fda87 e-flex e-con-boxed e-con e-child\" data-id=\"56fda87\" data-element_type=\"container\" data-e-type=\"container\" data-settings=\"{&quot;background_background&quot;:&quot;classic&quot;,&quot;_ha_eqh_enable&quot;:false}\">\n\t\t\t\t\t<div class=\"e-con-inner\">\n\t\t\t\t<div class=\"elementor-element elementor-element-4718779 elementor-widget elementor-widget-theme-post-title elementor-page-title elementor-widget-heading\" data-id=\"4718779\" data-element_type=\"widget\" data-e-type=\"widget\" data-widget_type=\"theme-post-title.default\">\n\t\t\t\t<div class=\"elementor-widget-container\">\n\t\t\t\t\t<h3 class=\"elementor-heading-title elementor-size-default\"><a href=\"https:\/\/rheinhessenblog.de\/nl\/oppenheim-kostuemfuehrung-zeitreise\/\">Kost\u00fcmf\u00fchrung in Oppenheim nimmt G\u00e4ste mit auf eine Zeitreise der besonderen Art<\/a><\/h3>\t\t\t\t<\/div>\n\t\t\t\t<\/div>\n\t\t\t\t<div class=\"elementor-element elementor-element-b1cabc4 elementor-widget__width-inherit elementor-widget elementor-widget-post-info\" data-id=\"b1cabc4\" data-element_type=\"widget\" data-e-type=\"widget\" data-widget_type=\"post-info.default\">\n\t\t\t\t<div class=\"elementor-widget-container\">\n\t\t\t\t\t\t\t<ul class=\"elementor-inline-items elementor-icon-list-items elementor-post-info\">\n\t\t\t\t\t\t\t\t<li class=\"elementor-icon-list-item elementor-repeater-item-7099f6d elementor-inline-item\" itemprop=\"datePublished\">\n\t\t\t\t\t\t\t\t\t\t\t\t\t<span class=\"elementor-icon-list-text elementor-post-info__item elementor-post-info__item--type-date\">\n\t\t\t\t\t\t\t\t\t\t<time>8. april 2026<\/time>\t\t\t\t\t<\/span>\n\t\t\t\t\t\t\t\t<\/li>\n\t\t\t\t<li class=\"elementor-icon-list-item elementor-repeater-item-750a35e elementor-inline-item\" itemprop=\"author\">\n\t\t\t\t\t\t<a href=\"https:\/\/rheinhessenblog.de\/nl\/author\/t-ehlke\/\">\n\t\t\t\t\t\t\t\t\t\t\t\t\t\t<span class=\"elementor-icon-list-text elementor-post-info__item elementor-post-info__item--type-author\">\n\t\t\t\t\t\t\t\t\t\tThomas Ehlke\t\t\t\t\t<\/span>\n\t\t\t\t\t\t\t\t\t<\/a>\n\t\t\t\t<\/li>\n\t\t\t\t<li class=\"elementor-icon-list-item elementor-repeater-item-6c422b3 elementor-inline-item\" itemprop=\"commentCount\">\n\t\t\t\t\t\t<a href=\"https:\/\/rheinhessenblog.de\/nl\/oppenheim-kostuemfuehrung-zeitreise\/#respond\">\n\t\t\t\t\t\t\t\t\t\t\t\t\t\t<span class=\"elementor-icon-list-text elementor-post-info__item elementor-post-info__item--type-comments\">\n\t\t\t\t\t\t\t\t\t\t0 Kommentare\t\t\t\t\t<\/span>\n\t\t\t\t\t\t\t\t\t<\/a>\n\t\t\t\t<\/li>\n\t\t\t\t<\/ul>\n\t\t\t\t\t\t<\/div>\n\t\t\t\t<\/div>\n\t\t\t\t\t<\/div>\n\t\t\t\t<\/div>\n\t\t\t\t<div class=\"elementor-element elementor-element-219017d elementor-widget elementor-widget-theme-post-featured-image elementor-widget-image\" data-id=\"219017d\" data-element_type=\"widget\" data-e-type=\"widget\" data-widget_type=\"theme-post-featured-image.default\">\n\t\t\t\t<div class=\"elementor-widget-container\">\n\t\t\t\t\t\t\t\t\t\t\t\t\t\t\t\t<a href=\"https:\/\/rheinhessenblog.de\/nl\/oppenheim-kostuemfuehrung-zeitreise\/\">\n\t\t\t\t\t\t\t<img loading=\"lazy\" decoding=\"async\" width=\"800\" height=\"534\" src=\"https:\/\/rheinhessenblog.de\/wp-content\/uploads\/2026\/04\/Zeitreise_6-1024x683.jpg\" class=\"attachment-large size-large wp-image-17428\" alt=\"\u201eMagister\u201c J\u00fcrgen Franz nimmt die G\u00e4ste mit in die Zeit der Stadterhebung und blickt auf die Anf\u00e4nge der Besiedlung Oppenheims.\" srcset=\"https:\/\/rheinhessenblog.de\/wp-content\/uploads\/2026\/04\/Zeitreise_6-1024x683.jpg 1024w, https:\/\/rheinhessenblog.de\/wp-content\/uploads\/2026\/04\/Zeitreise_6-300x200.jpg 300w, https:\/\/rheinhessenblog.de\/wp-content\/uploads\/2026\/04\/Zeitreise_6-768x512.jpg 768w, https:\/\/rheinhessenblog.de\/wp-content\/uploads\/2026\/04\/Zeitreise_6-1536x1024.jpg 1536w, https:\/\/rheinhessenblog.de\/wp-content\/uploads\/2026\/04\/Zeitreise_6-2048x1365.jpg 2048w, https:\/\/rheinhessenblog.de\/wp-content\/uploads\/2026\/04\/Zeitreise_6-18x12.jpg 18w\" sizes=\"(max-width: 800px) 100vw, 800px\" \/>\t\t\t\t\t\t\t\t<\/a>\n\t\t\t\t\t\t\t\t\t\t\t\t\t\t\t<\/div>\n\t\t\t\t<\/div>\n\t\t\t\t<div class=\"elementor-element elementor-element-1087e1c elementor-widget__width-auto kat ha-has-bg-overlay elementor-widget elementor-widget-text-editor\" data-id=\"1087e1c\" data-element_type=\"widget\" data-e-type=\"widget\" data-widget_type=\"text-editor.default\">\n\t\t\t\t<div class=\"elementor-widget-container\">\n\t\t\t\t\t\t\t\t\t<ul class=\"rh-categories\"><li><a href=\"https:\/\/rheinhessenblog.de\/nl\/kategorie\/kultur-entdecken\/\" class=\"kultur-entdecken\"><img decoding=\"async\" src=\"https:\/\/rheinhessenblog.de\/wp-content\/uploads\/2023\/07\/Rheinhessen-Beitragskategorie-kultur.svg\" alt=\"Kultur entdecken\"><\/a><\/li>    <\/ul>\n    \t\t\t\t\t\t\t\t<\/div>\n\t\t\t\t<\/div>\n\t\t\t\t\t<\/div>\n\t\t\t\t<\/div>\n\t\t\t\t<\/div>\n\t\t\t\t<\/div>\n\t\t\n\t\t\t\t<div class=\"e-load-more-anchor\" data-page=\"1\" data-max-page=\"16\" data-next-page=\"https:\/\/rheinhessenblog.de\/nl\/wp-json\/wp\/v2\/pages\/10670\/page\/2\/\"><\/div>\n\t\t\t\t<nav class=\"elementor-pagination\" aria-label=\"Paginering\">\n\t\t\t<span class=\"page-numbers prev\">Vorige<\/span>\n<span aria-current=\"page\" class=\"page-numbers current\"><span class=\"elementor-screen-only\">Pagina<\/span>1<\/span>\n<a class=\"page-numbers\" href=\"https:\/\/rheinhessenblog.de\/nl\/wp-json\/wp\/v2\/pages\/10670\/page\/2\/\"><span class=\"elementor-screen-only\">Pagina<\/span>2<\/a>\n<a class=\"page-numbers\" href=\"https:\/\/rheinhessenblog.de\/nl\/wp-json\/wp\/v2\/pages\/10670\/page\/3\/\"><span class=\"elementor-screen-only\">Pagina<\/span>3<\/a>\n<span class=\"page-numbers dots\">&hellip;<\/span>\n<a class=\"page-numbers\" href=\"https:\/\/rheinhessenblog.de\/nl\/wp-json\/wp\/v2\/pages\/10670\/page\/16\/\"><span class=\"elementor-screen-only\">Pagina<\/span>16<\/a>\n<a class=\"page-numbers next\" href=\"https:\/\/rheinhessenblog.de\/nl\/wp-json\/wp\/v2\/pages\/10670\/page\/2\/\">N\u00e4chste<\/a>\t\t<\/nav>\n\t\t\t\t\t\t<\/div>\n\t\t\t\t<\/div>\n\t\t\t\t\t<\/div>\n\t\t\t\t<\/div>\n\t\t\t\t\t<\/div>\n\t\t\t\t<\/div>\n\t\t<div class=\"elementor-element elementor-element-3415e70 e-flex e-con-boxed e-con e-parent\" data-id=\"3415e70\" data-element_type=\"container\" data-e-type=\"container\" data-settings=\"{&quot;_ha_eqh_enable&quot;:false}\">\n\t\t\t\t\t<div class=\"e-con-inner\">\n\t\t\t\t<div class=\"elementor-element elementor-element-123b9c6 elementor-widget__width-auto elementor-widget-mobile__width-initial karte-title elementor-widget elementor-widget-heading\" data-id=\"123b9c6\" data-element_type=\"widget\" data-e-type=\"widget\" data-widget_type=\"heading.default\">\n\t\t\t\t<div class=\"elementor-widget-container\">\n\t\t\t\t\t<h3 class=\"elementor-heading-title elementor-size-default\">Die Rheinhessen Erlebniskarte<\/h3>\t\t\t\t<\/div>\n\t\t\t\t<\/div>\n\t\t\t\t<div class=\"elementor-element elementor-element-3015da4 elementor-widget elementor-widget-rh-map\" data-id=\"3015da4\" data-element_type=\"widget\" data-e-type=\"widget\" data-widget_type=\"rh-map.default\">\n\t\t\t\t<div class=\"elementor-widget-container\">\n\t\t\t\t\t        <style>\n            #rh_map { width: 320px;height: 360px; }\n            #rh_map:before { content: 'mobile';display: none; }\n            @media (min-width: 768px) and (max-width: 1024px) {\n                #rh_map { width: 620px;height: 620px; }\n                #rh_map:before { content: 'tablet' }\n            }\n            @media (min-width: 1025px) and (max-width: 1366px) {\n                #rh_map { width: 720px;height: 720px; }\n                #rh_map:before { content: 'laptop' }\n            }\n            @media (min-width: 1366px) {\n                #rh_map { width: 820px;height: 820px; }\n                #rh_map:before { content: 'desktop' }\n            }\n        <\/style>\n        [borlabs-cookie id=\"googlemaps\" type=\"content-blocker\"]<div id=\"rh_map\" data-items=\"[{&quot;id&quot;:14655,&quot;date&quot;:&quot;14. August 2026&quot;,&quot;title&quot;:&quot;Die gro\\u00dfe Hiwwel\\u00fcberquerung (Teil 2) - Vom Stein zum Rhein, Bikepacking in Rheinhessen&quot;,&quot;link&quot;:&quot;https:\\\/\\\/rheinhessenblog.de\\\/grosse-hiwweluberquerung-teil-2-bikepacking-rheinhessen\\\/&quot;,&quot;author&quot;:&quot;Katja Peschke&quot;,&quot;point&quot;:{&quot;lat&quot;:49.796219207900585,&quot;lng&quot;:7.956412445973218}},{&quot;id&quot;:14565,&quot;date&quot;:&quot;14. August 2026&quot;,&quot;title&quot;:&quot;Die gro\\u00dfe Hiwwel\\u00fcberquerung (Teil 1) - Reben, Ruinen und Radelrausch, Bikepacking in Rheinhessen&quot;,&quot;link&quot;:&quot;https:\\\/\\\/rheinhessenblog.de\\\/die-grosse-hiwweluberquerung-teil-1-reben-ruinen-und-radelrausch-bikepacking-in-rheinhessen\\\/&quot;,&quot;author&quot;:&quot;Katja Peschke&quot;,&quot;point&quot;:{&quot;lat&quot;:49.86673574608255,&quot;lng&quot;:8.337934266539193}},{&quot;id&quot;:15673,&quot;date&quot;:&quot;5. Februar 2025&quot;,&quot;title&quot;:&quot;Eintauchen in die geheimnisvolle Unterwelt von Mainz&quot;,&quot;link&quot;:&quot;https:\\\/\\\/rheinhessenblog.de\\\/eintauchen-in-die-geheimnisvolle-unterwelt-von-mainz\\\/&quot;,&quot;author&quot;:&quot;Christian Halbig&quot;,&quot;point&quot;:{&quot;lat&quot;:49.74486599999999,&quot;lng&quot;:8.1429562}},{&quot;id&quot;:15112,&quot;date&quot;:&quot;17. September 2024&quot;,&quot;title&quot;:&quot;Radfahren im herbstlichen Rheinhessen - Farbenpracht und Schlemmerfeste&quot;,&quot;link&quot;:&quot;https:\\\/\\\/rheinhessenblog.de\\\/radfahren-im-herbst-in-rheinhessen-farbenpracht-und-schlemmerfeste\\\/&quot;,&quot;author&quot;:&quot;Katja Peschke&quot;,&quot;point&quot;:{&quot;lat&quot;:49.91400203243397,&quot;lng&quot;:8.126376112098702}},{&quot;id&quot;:14684,&quot;date&quot;:&quot;31. Juli 2024&quot;,&quot;title&quot;:&quot;Auf dem RheinTerrassenWeg nach Osthofen: Panoramagenuss von T\\u00fcrmen und Miniaturburgen&quot;,&quot;link&quot;:&quot;https:\\\/\\\/rheinhessenblog.de\\\/auf-dem-rheinterrassenweg-nach-osthofen\\\/&quot;,&quot;author&quot;:&quot;Katja Zentel&quot;,&quot;point&quot;:{&quot;lat&quot;:49.70396981290156,&quot;lng&quot;:8.324330360926151}},{&quot;id&quot;:14411,&quot;date&quot;:&quot;1. Juli 2024&quot;,&quot;title&quot;:&quot;Eine Reise in die Vergangenheit an der Hiwweltour Aulheimer Tal&quot;,&quot;link&quot;:&quot;https:\\\/\\\/rheinhessenblog.de\\\/neuigkeiten-an-der-hiwweltour-aulheimer-tal\\\/&quot;,&quot;author&quot;:&quot;Frank Hamm&quot;,&quot;point&quot;:{&quot;lat&quot;:49.7858049,&quot;lng&quot;:8.036587899999999}},{&quot;id&quot;:14211,&quot;date&quot;:&quot;23. Mai 2024&quot;,&quot;title&quot;:&quot;Die SchUM-St\\u00e4tten Worms und Mainz - J\\u00fcdisches Weltkulturerbe entdecken&quot;,&quot;link&quot;:&quot;https:\\\/\\\/rheinhessenblog.de\\\/die-schum-staetten-worms-und-mainz-juedisches-weltkulturerbe-entdecken\\\/&quot;,&quot;author&quot;:&quot;Annkatrin K\\u00f6nig&quot;,&quot;point&quot;:{&quot;lat&quot;:49.6339236,&quot;lng&quot;:8.3664456}},{&quot;id&quot;:9779,&quot;date&quot;:&quot;19. Januar 2024&quot;,&quot;title&quot;:&quot;Winterliches Wandern am Roten Hang&quot;,&quot;link&quot;:&quot;https:\\\/\\\/rheinhessenblog.de\\\/winterliches-wandern-am-roten-hang\\\/&quot;,&quot;author&quot;:&quot;Frank Hamm&quot;,&quot;point&quot;:{&quot;lat&quot;:49.8777033,&quot;lng&quot;:8.3373105}},{&quot;id&quot;:12628,&quot;date&quot;:&quot;9. August 2023&quot;,&quot;title&quot;:&quot;Fahrstuhl in die Vergangenheit: Wo Hildegard von Bingen einst wirkte&quot;,&quot;link&quot;:&quot;https:\\\/\\\/rheinhessenblog.de\\\/fahrstuhl-in-die-vergangenheit-wo-hildegard-von-bingen-einst-wirkte\\\/&quot;,&quot;author&quot;:&quot;Annkatrin K\\u00f6nig&quot;,&quot;point&quot;:{&quot;lat&quot;:49.96608459404294,&quot;lng&quot;:7.88929671049118}},{&quot;id&quot;:9326,&quot;date&quot;:&quot;14. November 2022&quot;,&quot;title&quot;:&quot;Das Wandern im November neu entdeckt&quot;,&quot;link&quot;:&quot;https:\\\/\\\/rheinhessenblog.de\\\/herbstzauber-auf-dem-wingertsheisjer-wanderweg\\\/&quot;,&quot;author&quot;:&quot;Katja Zentel&quot;,&quot;point&quot;:{&quot;lat&quot;:49.70678992586302,&quot;lng&quot;:8.245676354822166}},{&quot;id&quot;:8984,&quot;date&quot;:&quot;10. August 2022&quot;,&quot;title&quot;:&quot;Sonnenaufgang mit Kaffee in Rheinhessen&quot;,&quot;link&quot;:&quot;https:\\\/\\\/rheinhessenblog.de\\\/sonnenaufgang-mit-kaffee-in-rheinhessen\\\/&quot;,&quot;author&quot;:&quot;Frank Hamm&quot;,&quot;point&quot;:{&quot;lat&quot;:49.8829836,&quot;lng&quot;:8.2436818}},{&quot;id&quot;:7640,&quot;date&quot;:&quot;21. M\\u00e4rz 2022&quot;,&quot;title&quot;:&quot;T\\u00fcrme f\\u00fcr den Kanzler des Kaiserreichs&quot;,&quot;link&quot;:&quot;https:\\\/\\\/rheinhessenblog.de\\\/tuerme-fuer-den-kanzler-des-kaiserreichs\\\/&quot;,&quot;author&quot;:&quot;Christian Halbig&quot;,&quot;point&quot;:{&quot;lat&quot;:49.9595499,&quot;lng&quot;:8.035424}},{&quot;id&quot;:7963,&quot;date&quot;:&quot;12. M\\u00e4rz 2022&quot;,&quot;title&quot;:&quot;Selztal-Flow auf zwei R\\u00e4dern&quot;,&quot;link&quot;:&quot;https:\\\/\\\/rheinhessenblog.de\\\/selztal-flow-auf-zwei-raedern\\\/&quot;,&quot;author&quot;:&quot;Karen J\\u00e4ger&quot;,&quot;point&quot;:{&quot;lat&quot;:49.9751945,&quot;lng&quot;:8.0586086}},{&quot;id&quot;:4401,&quot;date&quot;:&quot;30. Januar 2022&quot;,&quot;title&quot;:&quot;9 Gr\\u00fcnde f\\u00fcr einen Urlaub in Rheinhessen&quot;,&quot;link&quot;:&quot;https:\\\/\\\/rheinhessenblog.de\\\/gruende-urlaub-in-rheinhessen\\\/&quot;,&quot;author&quot;:&quot;Susanne Krebs&quot;,&quot;point&quot;:{&quot;lat&quot;:49.9043373,&quot;lng&quot;:8.1804215}},{&quot;id&quot;:5401,&quot;date&quot;:&quot;15. September 2021&quot;,&quot;title&quot;:&quot;Goldener Oktober in Rheinhessen - Wandern auf dem RheinTerrassenWeg&quot;,&quot;link&quot;:&quot;https:\\\/\\\/rheinhessenblog.de\\\/goldener-oktober-in-rheinhessen-wandern-auf-dem-rheinterrassenweg\\\/&quot;,&quot;author&quot;:&quot;Daniel Schmidt&quot;,&quot;point&quot;:{&quot;lat&quot;:49.7956696,&quot;lng&quot;:8.3472354}},{&quot;id&quot;:6737,&quot;date&quot;:&quot;8. Juli 2021&quot;,&quot;title&quot;:&quot;Wandern im Sommer - Darum ist die Hiwweltour Tiefenthaler H\\u00f6he ideal f\\u00fcr hei\\u00dfe Tage&quot;,&quot;link&quot;:&quot;https:\\\/\\\/rheinhessenblog.de\\\/wandern-im-sommer-die-hiwweltour-tiefenthaler-hohe\\\/&quot;,&quot;author&quot;:&quot;Daniel Schmidt&quot;,&quot;point&quot;:{&quot;lat&quot;:49.76055,&quot;lng&quot;:7.90657}},{&quot;id&quot;:5967,&quot;date&quot;:&quot;25. Februar 2021&quot;,&quot;title&quot;:&quot;Wandern im Fr\\u00fchling auf den Hiwweltouren in Rheinhessen&quot;,&quot;link&quot;:&quot;https:\\\/\\\/rheinhessenblog.de\\\/wandern-im-fruhling-auf-den-hiwweltouren-in-rheinhessen\\\/&quot;,&quot;author&quot;:&quot;Daniel Schmidt&quot;,&quot;point&quot;:{&quot;lat&quot;:49.9595371,&quot;lng&quot;:8.0354133}},{&quot;id&quot;:5303,&quot;date&quot;:&quot;2. Dezember 2020&quot;,&quot;title&quot;:&quot;Lebendige Geschichte: Mit Johannes Gutenberg h\\u00f6chstpers\\u00f6nlich durch Mainz&quot;,&quot;link&quot;:&quot;https:\\\/\\\/rheinhessenblog.de\\\/lebendige-geschichte-mit-johannes-gutenberg-hoechstpersoenlich-durch-mainz\\\/&quot;,&quot;author&quot;:&quot;Natalie Teschauer&quot;,&quot;point&quot;:{&quot;lat&quot;:49.9996992,&quot;lng&quot;:8.2752854}},{&quot;id&quot;:5092,&quot;date&quot;:&quot;17. August 2020&quot;,&quot;title&quot;:&quot;Der Zellertalweg: Rundweg Monsheim \\u2013 M\\u00f6lsheim \\u2013 Wachenheim&quot;,&quot;link&quot;:&quot;https:\\\/\\\/rheinhessenblog.de\\\/der-zellertalweg-rundweg-monsheim-moelsheim-wachenheim\\\/&quot;,&quot;author&quot;:&quot;Heiko M\\u00fcller&quot;,&quot;point&quot;:{&quot;lat&quot;:49.6336921,&quot;lng&quot;:8.2084641}},{&quot;id&quot;:3845,&quot;date&quot;:&quot;24. Juli 2020&quot;,&quot;title&quot;:&quot;Auf dem RheinTerrassenWeg: Einkehr und Weingenuss in Bodenheim&quot;,&quot;link&quot;:&quot;https:\\\/\\\/rheinhessenblog.de\\\/auf-dem-rheinterrassenweg-einkehr-und-weingenuss-in-bodenheim\\\/&quot;,&quot;author&quot;:&quot;Daniel Schmidt&quot;,&quot;point&quot;:{&quot;lat&quot;:49.927927,&quot;lng&quot;:8.3109855}},{&quot;id&quot;:4585,&quot;date&quot;:&quot;9. Juli 2020&quot;,&quot;title&quot;:&quot;Mit dem E-Bike das Herz  Rheinhessens entdecken&quot;,&quot;link&quot;:&quot;https:\\\/\\\/rheinhessenblog.de\\\/mit-dem-e-bike-im-worrstadter-land\\\/&quot;,&quot;author&quot;:&quot;Ingrid Weigerding&quot;,&quot;point&quot;:{&quot;lat&quot;:49.8458698,&quot;lng&quot;:8.1155496}},{&quot;id&quot;:4295,&quot;date&quot;:&quot;25. Juni 2020&quot;,&quot;title&quot;:&quot;8 Tipps: Mainz - Lebenslust am Rhein&quot;,&quot;link&quot;:&quot;https:\\\/\\\/rheinhessenblog.de\\\/lebenslust-in-mainz\\\/&quot;,&quot;author&quot;:&quot;Christian Halbig&quot;,&quot;point&quot;:{&quot;lat&quot;:49.9928617,&quot;lng&quot;:8.247252600000024}},{&quot;id&quot;:3790,&quot;date&quot;:&quot;9. Juni 2020&quot;,&quot;title&quot;:&quot;Wanderbericht Hiwweltour Heideblick: Wo die Heide bl\\u00fcht und die Alm ruft&quot;,&quot;link&quot;:&quot;https:\\\/\\\/rheinhessenblog.de\\\/wanderbericht-hiwweltour-heideblick\\\/&quot;,&quot;author&quot;:&quot;Susanne Krebs&quot;,&quot;point&quot;:{&quot;lat&quot;:49.79762736808408,&quot;lng&quot;:7.9558624033454635}},{&quot;id&quot;:2344,&quot;date&quot;:&quot;15. April 2020&quot;,&quot;title&quot;:&quot;Wanderbericht Hiwweltour Tiefenthaler H\\u00f6he: H\\u00fcgel, T\\u00e4ler und eine Grenze&quot;,&quot;link&quot;:&quot;https:\\\/\\\/rheinhessenblog.de\\\/wanderbericht-hiwweltour-tiefenthaler-hoehe\\\/&quot;,&quot;author&quot;:&quot;Daniel Schmidt&quot;,&quot;point&quot;:{&quot;lat&quot;:49.75934,&quot;lng&quot;:7.9067501}},{&quot;id&quot;:4193,&quot;date&quot;:&quot;3. M\\u00e4rz 2020&quot;,&quot;title&quot;:&quot;5 Gr\\u00fcnde f\\u00fcr eine Wanderung auf dem RheinTerrassenWeg&quot;,&quot;link&quot;:&quot;https:\\\/\\\/rheinhessenblog.de\\\/5-gruende-wanderung-rheinterrassenweg\\\/&quot;,&quot;author&quot;:&quot;Daniel Schmidt&quot;,&quot;point&quot;:{&quot;lat&quot;:49.889643,&quot;lng&quot;:8.3357816}},{&quot;id&quot;:3757,&quot;date&quot;:&quot;28. November 2019&quot;,&quot;title&quot;:&quot;Wandern, Wein und Weltgeschichte: Ein Wochenende in Ingelheim&quot;,&quot;link&quot;:&quot;https:\\\/\\\/rheinhessenblog.de\\\/wandern-wein-und-weltgeschichte-ein-wochenende-in-ingelheim\\\/&quot;,&quot;author&quot;:&quot;Ingrid Weigerding&quot;,&quot;point&quot;:{&quot;lat&quot;:49.9740653,&quot;lng&quot;:8.0560997}},{&quot;id&quot;:4234,&quot;date&quot;:&quot;12. November 2019&quot;,&quot;title&quot;:&quot;Auf den Spuren der Alzeyer Bierbrauer&quot;,&quot;link&quot;:&quot;https:\\\/\\\/rheinhessenblog.de\\\/auf-den-spuren-der-alzeyer-bierbrauer\\\/&quot;,&quot;author&quot;:&quot;Berthold Steffens&quot;,&quot;point&quot;:{&quot;lat&quot;:49.74620119999999,&quot;lng&quot;:8.11711349999996}},{&quot;id&quot;:4257,&quot;date&quot;:&quot;5. November 2019&quot;,&quot;title&quot;:&quot;Ein Spaziergang durch Mainz: Der Stadtgeschichte auf der Spur&quot;,&quot;link&quot;:&quot;https:\\\/\\\/rheinhessenblog.de\\\/ein-spaziergang-durch-mainz-der-stadtgeschichte-auf-der-spur\\\/&quot;,&quot;author&quot;:&quot;Christian Halbig&quot;,&quot;point&quot;:{&quot;lat&quot;:49.99818316703205,&quot;lng&quot;:8.270934200728675}},{&quot;id&quot;:4147,&quot;date&quot;:&quot;18. Oktober 2019&quot;,&quot;title&quot;:&quot;Zwischen Urmeer und Rebenmeer: Der K\\u00fcstenweg in Alzey-Weinheim&quot;,&quot;link&quot;:&quot;https:\\\/\\\/rheinhessenblog.de\\\/der-kustenweg-in-alzey-weinheim\\\/&quot;,&quot;author&quot;:&quot;Ingrid Weigerding&quot;,&quot;point&quot;:{&quot;lat&quot;:49.736569237645,&quot;lng&quot;:8.066742741474172}},{&quot;id&quot;:3235,&quot;date&quot;:&quot;25. September 2019&quot;,&quot;title&quot;:&quot;Auf dem RheinTerrassenWeg: Das ober- und unterirdische Oppenheim&quot;,&quot;link&quot;:&quot;https:\\\/\\\/rheinhessenblog.de\\\/rheinterrassenweg-oppenheim\\\/&quot;,&quot;author&quot;:&quot;Daniel Schmidt&quot;,&quot;point&quot;:{&quot;lat&quot;:49.8519223,&quot;lng&quot;:8.360274200000049}},{&quot;id&quot;:3289,&quot;date&quot;:&quot;6. September 2019&quot;,&quot;title&quot;:&quot;Diese 10 Dinge sind typisch rheinhessisch&quot;,&quot;link&quot;:&quot;https:\\\/\\\/rheinhessenblog.de\\\/10-dinge-typisch-rheinhessisch\\\/&quot;,&quot;author&quot;:&quot;Daniel Schmidt&quot;,&quot;point&quot;:{&quot;lat&quot;:49.865159631719095,&quot;lng&quot;:8.168435079101528}},{&quot;id&quot;:3818,&quot;date&quot;:&quot;23. August 2019&quot;,&quot;title&quot;:&quot;Wanderbericht Hiwweltour Bismarckturm: Geschichte, Panoramen und guter Wein&quot;,&quot;link&quot;:&quot;https:\\\/\\\/rheinhessenblog.de\\\/wanderbericht-hiwweltour-bismarckturm\\\/&quot;,&quot;author&quot;:&quot;Berthold Steffens&quot;,&quot;point&quot;:{&quot;lat&quot;:49.95961556596655,&quot;lng&quot;:8.035885577142494}},{&quot;id&quot;:3572,&quot;date&quot;:&quot;29. Juli 2019&quot;,&quot;title&quot;:&quot;Auf dem RheinTerrassenWeg: Carl Zuckmayers Spuren in Nackenheim&quot;,&quot;link&quot;:&quot;https:\\\/\\\/rheinhessenblog.de\\\/rheinterrassenweg-carl-zuckmayer-nackenheim\\\/&quot;,&quot;author&quot;:&quot;Daniel Schmidt&quot;,&quot;point&quot;:{&quot;lat&quot;:49.91496251772263,&quot;lng&quot;:8.342268701883086}},{&quot;id&quot;:3266,&quot;date&quot;:&quot;15. Juli 2019&quot;,&quot;title&quot;:&quot;7 besondere Orte in der Rheinhessischen Schweiz&quot;,&quot;link&quot;:&quot;https:\\\/\\\/rheinhessenblog.de\\\/7-besondere-orte-in-der-rheinhessischen-schweiz\\\/&quot;,&quot;author&quot;:&quot;Daniel Schmidt&quot;,&quot;point&quot;:{&quot;lat&quot;:49.797613354958415,&quot;lng&quot;:7.957502760336524}},{&quot;id&quot;:3364,&quot;date&quot;:&quot;11. Juni 2019&quot;,&quot;title&quot;:&quot;Das Kulturufer in Bingen: Ein Spaziergang zwischen Rhein und Bl\\u00fctenmeer&quot;,&quot;link&quot;:&quot;https:\\\/\\\/rheinhessenblog.de\\\/kulturufer-bingen-rhein-spaziergang\\\/&quot;,&quot;author&quot;:&quot;Ingrid Weigerding&quot;,&quot;point&quot;:{&quot;lat&quot;:49.97017205008589,&quot;lng&quot;:7.899531185978844}},{&quot;id&quot;:3203,&quot;date&quot;:&quot;4. Juni 2019&quot;,&quot;title&quot;:&quot;Auf dem RheinTerrassenWeg: Das Hohlwegeparadies bei Alsheim&quot;,&quot;link&quot;:&quot;https:\\\/\\\/rheinhessenblog.de\\\/rheinterrassenweg-hohlwege-alsheim\\\/&quot;,&quot;author&quot;:&quot;Daniel Schmidt&quot;,&quot;point&quot;:{&quot;lat&quot;:49.7656803,&quot;lng&quot;:8.340294699999959}},{&quot;id&quot;:2075,&quot;date&quot;:&quot;10. April 2019&quot;,&quot;title&quot;:&quot;Rommersheim: Der geheimnisvolle Ort auf der Hiwweltour Neuborn&quot;,&quot;link&quot;:&quot;https:\\\/\\\/rheinhessenblog.de\\\/rommersheim-geheimnisvoller-ort-hiwweltour-neuborn\\\/&quot;,&quot;author&quot;:&quot;Susanne Krebs&quot;,&quot;point&quot;:{&quot;lat&quot;:49.82389257474284,&quot;lng&quot;:8.088024799767936}},{&quot;id&quot;:1892,&quot;date&quot;:&quot;27. Februar 2019&quot;,&quot;title&quot;:&quot;Weinorte mit Charakter und Geschichte: Unterwegs auf der Hiwweltour Westerberg&quot;,&quot;link&quot;:&quot;https:\\\/\\\/rheinhessenblog.de\\\/weinorte-hiwweltour-westerberg\\\/&quot;,&quot;author&quot;:&quot;Berthold Steffens&quot;,&quot;point&quot;:{&quot;lat&quot;:49.928841604666566,&quot;lng&quot;:8.0964833479959}},{&quot;id&quot;:2875,&quot;date&quot;:&quot;13. Februar 2019&quot;,&quot;title&quot;:&quot;Auf dem RheinTerrassenWeg: Vier Museen in Worms&quot;,&quot;link&quot;:&quot;https:\\\/\\\/rheinhessenblog.de\\\/rheinterrassenweg-vier-museen-worms-2\\\/&quot;,&quot;author&quot;:&quot;Daniel Schmidt&quot;,&quot;point&quot;:{&quot;lat&quot;:49.63006058845345,&quot;lng&quot;:8.359909057617188}},{&quot;id&quot;:2739,&quot;date&quot;:&quot;18. Januar 2019&quot;,&quot;title&quot;:&quot;Mit der Frau des Nachtw\\u00e4chters durch Dalsheim \\u2013 und durch die Zeit&quot;,&quot;link&quot;:&quot;https:\\\/\\\/rheinhessenblog.de\\\/frau-nachtwaechterfuehrung-dalsheim-rheinhessen\\\/&quot;,&quot;author&quot;:&quot;Berthold Steffens&quot;,&quot;point&quot;:{&quot;lat&quot;:49.6645472,&quot;lng&quot;:8.2049438}},{&quot;id&quot;:2139,&quot;date&quot;:&quot;28. September 2018&quot;,&quot;title&quot;:&quot;Auf dem RheinTerrassenWeg: Das lebendige Weindorf Guntersblum&quot;,&quot;link&quot;:&quot;https:\\\/\\\/rheinhessenblog.de\\\/rheinterrassenweg-guntersblum\\\/&quot;,&quot;author&quot;:&quot;Daniel Schmidt&quot;,&quot;point&quot;:{&quot;lat&quot;:49.79634711914469,&quot;lng&quot;:8.347572565681844}},{&quot;id&quot;:1310,&quot;date&quot;:&quot;13. August 2018&quot;,&quot;title&quot;:&quot;Terroir, Wein und Winzer&quot;,&quot;link&quot;:&quot;https:\\\/\\\/rheinhessenblog.de\\\/wandern-rheinhessen-terroir-wein-winzer\\\/&quot;,&quot;author&quot;:&quot;Susanne Krebs&quot;,&quot;point&quot;:{&quot;lat&quot;:49.91274548585201,&quot;lng&quot;:8.135102391242981}},{&quot;id&quot;:1997,&quot;date&quot;:&quot;1. Juli 2018&quot;,&quot;title&quot;:&quot;\\u00dcbernachten an der Hiwweltour Aulheimer Tal: Zu Gast bei den Winzern in Flonheim&quot;,&quot;link&quot;:&quot;https:\\\/\\\/rheinhessenblog.de\\\/uebernachten-hiwweltour-aulheimer-tal-winzer-flonheim-2\\\/&quot;,&quot;author&quot;:&quot;Ingrid Weigerding&quot;,&quot;point&quot;:{&quot;lat&quot;:49.7858366705508,&quot;lng&quot;:8.036117842427984}},{&quot;id&quot;:1924,&quot;date&quot;:&quot;29. Juni 2018&quot;,&quot;title&quot;:&quot;Selz und Hohlwege: Nat\\u00fcrliche Besonderheiten an der Hiwweltour Westerberg&quot;,&quot;link&quot;:&quot;https:\\\/\\\/rheinhessenblog.de\\\/hiwweltour-westerberg-selz-hohlwege-natur\\\/&quot;,&quot;author&quot;:&quot;Berthold Steffens&quot;,&quot;point&quot;:{&quot;lat&quot;:49.95120142692236,&quot;lng&quot;:8.063120824340785}},{&quot;id&quot;:1702,&quot;date&quot;:&quot;3. April 2018&quot;,&quot;title&quot;:&quot;Wandern mit der Wegepatin: Pers\\u00f6nliche Einblicke in die Hiwweltour Zornheimer Berg&quot;,&quot;link&quot;:&quot;https:\\\/\\\/rheinhessenblog.de\\\/wanderbericht-hiwweltour-zornheimer-berg-2\\\/&quot;,&quot;author&quot;:&quot;Daniel Schmidt&quot;,&quot;point&quot;:{&quot;lat&quot;:49.888624272025005,&quot;lng&quot;:8.22625994682312}},{&quot;id&quot;:1483,&quot;date&quot;:&quot;6. M\\u00e4rz 2018&quot;,&quot;title&quot;:&quot;Regional, saisonal und lecker: 4 Einkehrtipps an der Hiwweltour Neuborn&quot;,&quot;link&quot;:&quot;https:\\\/\\\/rheinhessenblog.de\\\/4-tipps-einkehr-hiwweltour-neuborn\\\/&quot;,&quot;author&quot;:&quot;Susanne Krebs&quot;,&quot;point&quot;:{&quot;lat&quot;:49.828527543107455,&quot;lng&quot;:8.10788869857788}},{&quot;id&quot;:1585,&quot;date&quot;:&quot;19. Januar 2018&quot;,&quot;title&quot;:&quot;Ein Wandertag in Flonheim und auf der Hiwweltour Aulheimer Tal&quot;,&quot;link&quot;:&quot;https:\\\/\\\/rheinhessenblog.de\\\/ein-wandertag-in-flonheim-und-auf-der-hiwweltour-aulheimer-tal\\\/&quot;,&quot;author&quot;:&quot;Frank Hamm&quot;,&quot;point&quot;:{&quot;lat&quot;:49.78433769999999,&quot;lng&quot;:8.0359962}},{&quot;id&quot;:1352,&quot;date&quot;:&quot;6. November 2017&quot;,&quot;title&quot;:&quot;Weinlese in Rheinhessen: Ein besonderes Wandererlebnis im Aulheimer Tal&quot;,&quot;link&quot;:&quot;https:\\\/\\\/rheinhessenblog.de\\\/weinlese-rheinhessen-wandern-aulheimer-tal\\\/&quot;,&quot;author&quot;:&quot;Susanne Krebs&quot;,&quot;point&quot;:{&quot;lat&quot;:49.77111346893656,&quot;lng&quot;:8.038644790649414}},{&quot;id&quot;:1202,&quot;date&quot;:&quot;6. Oktober 2017&quot;,&quot;title&quot;:&quot;Rotweinfest Ingelheim \\u2013 Weingenuss umrahmt von altem Gem\\u00e4uer&quot;,&quot;link&quot;:&quot;https:\\\/\\\/rheinhessenblog.de\\\/rotweinfest-ingelheim-weingenuss-umrahmt-von-altem-gemaeuer\\\/&quot;,&quot;author&quot;:&quot;Kathrin Saaler&quot;,&quot;point&quot;:{&quot;lat&quot;:49.96374097133947,&quot;lng&quot;:8.064329624176025}},{&quot;id&quot;:1124,&quot;date&quot;:&quot;19. September 2017&quot;,&quot;title&quot;:&quot;Wanderbericht Hiwweltour Neuborn: Wein und Weitblick&quot;,&quot;link&quot;:&quot;https:\\\/\\\/rheinhessenblog.de\\\/wanderbericht-hiwweltour-neuborn\\\/&quot;,&quot;author&quot;:&quot;Susanne Krebs&quot;,&quot;point&quot;:{&quot;lat&quot;:49.828527543107455,&quot;lng&quot;:8.107824325561523}},{&quot;id&quot;:1070,&quot;date&quot;:&quot;12. September 2017&quot;,&quot;title&quot;:&quot;Wanderbericht Hiwweltour Aulheimer Tal: Wein, Wald und Steppe&quot;,&quot;link&quot;:&quot;https:\\\/\\\/rheinhessenblog.de\\\/wanderbericht-hiwweltour-aulheimer-tal\\\/&quot;,&quot;author&quot;:&quot;Susanne Krebs&quot;,&quot;point&quot;:{&quot;lat&quot;:49.782779351023215,&quot;lng&quot;:8.03823709487915}},{&quot;id&quot;:1010,&quot;date&quot;:&quot;5. September 2017&quot;,&quot;title&quot;:&quot;Wanderbericht Hiwweltour Zornheimer Berg: Obst, Wein und Geschichte&quot;,&quot;link&quot;:&quot;https:\\\/\\\/rheinhessenblog.de\\\/wanderbericht-hiwweltour-zornheimer-berg\\\/&quot;,&quot;author&quot;:&quot;Susanne Krebs&quot;,&quot;point&quot;:{&quot;lat&quot;:49.88784985488391,&quot;lng&quot;:8.226361870765686}},{&quot;id&quot;:890,&quot;date&quot;:&quot;29. August 2017&quot;,&quot;title&quot;:&quot;Wanderbericht Hiwweltour Stadecker Warte: Wein, Terroir und tolle Ausblicke&quot;,&quot;link&quot;:&quot;https:\\\/\\\/rheinhessenblog.de\\\/wanderbericht-hiwweltour-stadecker-warte\\\/&quot;,&quot;author&quot;:&quot;Susanne Krebs&quot;,&quot;point&quot;:{&quot;lat&quot;:49.911448327864704,&quot;lng&quot;:8.137913346290588}},{&quot;id&quot;:845,&quot;date&quot;:&quot;21. August 2017&quot;,&quot;title&quot;:&quot;Wanderbericht Hiwweltour Westerberg: Wiesen, Wein und Schloss Westerhaus&quot;,&quot;link&quot;:&quot;https:\\\/\\\/rheinhessenblog.de\\\/wanderbericht-hiwweltour-westerberg\\\/&quot;,&quot;author&quot;:&quot;Susanne Krebs&quot;,&quot;point&quot;:{&quot;lat&quot;:49.94190453802761,&quot;lng&quot;:8.076131343841553}}]\"data-zoom-mobile=\"9.3\"data-zoom=\"10.5\"><\/div>[\/borlabs-cookie]\t\t\t\t<\/div>\n\t\t\t\t<\/div>\n\t\t\t\t\t<\/div>\n\t\t\t\t<\/div>\n\t\t<div class=\"elementor-element elementor-element-2408ef4b e-flex e-con-boxed e-con e-parent\" data-id=\"2408ef4b\" data-element_type=\"container\" data-e-type=\"container\" data-settings=\"{&quot;_ha_eqh_enable&quot;:false}\">\n\t\t\t\t\t<div class=\"e-con-inner\">\n\t\t<div class=\"elementor-element elementor-element-a30d1cc e-con-full e-flex e-con e-child\" data-id=\"a30d1cc\" data-element_type=\"container\" data-e-type=\"container\" data-settings=\"{&quot;background_background&quot;:&quot;classic&quot;,&quot;_ha_eqh_enable&quot;:false}\">\n\t\t\t\t<div class=\"elementor-element elementor-element-a1f755a elementor-widget elementor-widget-heading\" data-id=\"a1f755a\" data-element_type=\"widget\" data-e-type=\"widget\" data-widget_type=\"heading.default\">\n\t\t\t\t<div class=\"elementor-widget-container\">\n\t\t\t\t\t<h3 class=\"elementor-heading-title elementor-size-default\">Du bist nicht F\u00fcndig geworden? <\/h3>\t\t\t\t<\/div>\n\t\t\t\t<\/div>\n\t\t\t\t<div class=\"elementor-element elementor-element-ecb8602 elementor-widget elementor-widget-text-editor\" data-id=\"ecb8602\" data-element_type=\"widget\" data-e-type=\"widget\" data-widget_type=\"text-editor.default\">\n\t\t\t\t<div class=\"elementor-widget-container\">\n\t\t\t\t\t\t\t\t\t<p>Dann nutze doch unser Suchformular!<\/p>\t\t\t\t\t\t\t\t<\/div>\n\t\t\t\t<\/div>\n\t\t\t\t<div class=\"elementor-element elementor-element-206e3ef elementor-search-form--button-type-text elementor-widget__width-initial elementor-search-form--skin-classic elementor-widget elementor-widget-search-form\" data-id=\"206e3ef\" data-element_type=\"widget\" data-e-type=\"widget\" data-settings=\"{&quot;skin&quot;:&quot;classic&quot;}\" data-widget_type=\"search-form.default\">\n\t\t\t\t<div class=\"elementor-widget-container\">\n\t\t\t\t\t\t\t<search role=\"search\">\n\t\t\t<form class=\"elementor-search-form\" action=\"https:\/\/rheinhessenblog.de\/nl\" method=\"get\">\n\t\t\t\t\t\t\t\t\t\t\t\t<div class=\"elementor-search-form__container\">\n\t\t\t\t\t<label class=\"elementor-screen-only\" for=\"elementor-search-form-206e3ef\">Zoeken<\/label>\n\n\t\t\t\t\t\n\t\t\t\t\t<input id=\"elementor-search-form-206e3ef\" placeholder=\"Gebe hier deinen Suchbegriff ein\" class=\"elementor-search-form__input\" type=\"search\" name=\"s\" value=\"\">\n\t\t\t\t\t\n\t\t\t\t\t\t\t\t\t\t\t<button class=\"elementor-search-form__submit\" type=\"submit\" aria-label=\"Zoeken\">\n\t\t\t\t\t\t\t\t\t\t\t\t\t\t\tSuche\t\t\t\t\t\t\t\t\t\t\t\t\t<\/button>\n\t\t\t\t\t\n\t\t\t\t\t\t\t\t\t<\/div>\n\t\t\t<\/form>\n\t\t<\/search>\n\t\t\t\t\t\t<\/div>\n\t\t\t\t<\/div>\n\t\t\t\t<\/div>\n\t\t\t\t\t<\/div>\n\t\t\t\t<\/div>\n\t\t\t\t<\/div>\n\t\t","protected":false},"excerpt":{"rendered":"<p>het rheinhessen-blog Ontdek spannende verhalen van de wijnbelevingsregio Wat wil je beleven? De Rheinhessen Beleveniskaart Je hebt niet gevonden wat je zocht? Gebruik dan ons zoekformulier!<\/p>","protected":false},"author":37,"featured_media":0,"parent":0,"menu_order":0,"comment_status":"closed","ping_status":"closed","template":"","meta":{"_acf_changed":false,"footnotes":""},"class_list":["post-10670","page","type-page","status-publish","hentry"],"acf":[],"yoast_head":"<!-- This site is optimized with the Yoast SEO plugin v28.2 - https:\/\/yoast.com\/product\/yoast-seo-wordpress\/ -->\n<title>Entdecke spannende Geschichten der Weinerlebnisregion!<\/title>\n<meta name=\"description\" content=\"Von traditionell bis hipp: Beliebte Bierg\u00e4rten in Rheinhessen. Wormser Weingeschichten: Von den Elefantenh\u00f6fen bis zur Wormser Vinothek.\" \/>\n<meta name=\"robots\" content=\"index, follow, max-snippet:-1, max-image-preview:large, max-video-preview:-1\" \/>\n<link rel=\"canonical\" href=\"https:\/\/rheinhessenblog.de\/nl\/\" \/>\n<meta property=\"og:locale\" content=\"nl_NL\" \/>\n<meta property=\"og:type\" content=\"article\" \/>\n<meta property=\"og:title\" content=\"Entdecke spannende Geschichten der Weinerlebnisregion!\" \/>\n<meta property=\"og:description\" content=\"Von traditionell bis hipp: Beliebte Bierg\u00e4rten in Rheinhessen. Wormser Weingeschichten: Von den Elefantenh\u00f6fen bis zur Wormser Vinothek.\" \/>\n<meta property=\"og:url\" content=\"https:\/\/rheinhessenblog.de\/nl\/\" \/>\n<meta property=\"og:site_name\" content=\"Rheinhessen-Blog\" \/>\n<meta property=\"article:modified_time\" content=\"2023-10-06T08:57:23+00:00\" \/>\n<meta name=\"twitter:card\" content=\"summary_large_image\" \/>\n<meta name=\"twitter:label1\" content=\"Geschatte leestijd\" \/>\n\t<meta name=\"twitter:data1\" content=\"18 minuten\" \/>\n<script type=\"application\/ld+json\" class=\"yoast-schema-graph\">{\"@context\":\"https:\\\/\\\/schema.org\",\"@graph\":[{\"@type\":\"WebPage\",\"@id\":\"https:\\\/\\\/rheinhessenblog.de\\\/\",\"url\":\"https:\\\/\\\/rheinhessenblog.de\\\/\",\"name\":\"Entdecke spannende Geschichten der Weinerlebnisregion!\",\"isPartOf\":{\"@id\":\"https:\\\/\\\/rheinhessenblog.de\\\/#website\"},\"datePublished\":\"2023-06-15T09:06:33+00:00\",\"dateModified\":\"2023-10-06T08:57:23+00:00\",\"description\":\"Von traditionell bis hipp: Beliebte Bierg\u00e4rten in Rheinhessen. Wormser Weingeschichten: Von den Elefantenh\u00f6fen bis zur Wormser Vinothek.\",\"breadcrumb\":{\"@id\":\"https:\\\/\\\/rheinhessenblog.de\\\/#breadcrumb\"},\"inLanguage\":\"nl-NL\",\"potentialAction\":[{\"@type\":\"ReadAction\",\"target\":[\"https:\\\/\\\/rheinhessenblog.de\\\/\"]}]},{\"@type\":\"BreadcrumbList\",\"@id\":\"https:\\\/\\\/rheinhessenblog.de\\\/#breadcrumb\",\"itemListElement\":[{\"@type\":\"ListItem\",\"position\":1,\"name\":\"Startseite\",\"item\":\"https:\\\/\\\/rheinhessenblog.de\\\/\"},{\"@type\":\"ListItem\",\"position\":2,\"name\":\"Start\"}]},{\"@type\":\"WebSite\",\"@id\":\"https:\\\/\\\/rheinhessenblog.de\\\/#website\",\"url\":\"https:\\\/\\\/rheinhessenblog.de\\\/\",\"name\":\"Rheinhessen-Blog\",\"description\":\"\",\"publisher\":{\"@id\":\"https:\\\/\\\/rheinhessenblog.de\\\/#organization\"},\"potentialAction\":[{\"@type\":\"SearchAction\",\"target\":{\"@type\":\"EntryPoint\",\"urlTemplate\":\"https:\\\/\\\/rheinhessenblog.de\\\/?s={search_term_string}\"},\"query-input\":{\"@type\":\"PropertyValueSpecification\",\"valueRequired\":true,\"valueName\":\"search_term_string\"}}],\"inLanguage\":\"nl-NL\"},{\"@type\":\"Organization\",\"@id\":\"https:\\\/\\\/rheinhessenblog.de\\\/#organization\",\"name\":\"Rheinhessen-Blog\",\"url\":\"https:\\\/\\\/rheinhessenblog.de\\\/\",\"logo\":{\"@type\":\"ImageObject\",\"inLanguage\":\"nl-NL\",\"@id\":\"https:\\\/\\\/rheinhessenblog.de\\\/#\\\/schema\\\/logo\\\/image\\\/\",\"url\":\"https:\\\/\\\/rheinhessenblog.de\\\/wp-content\\\/uploads\\\/2023\\\/07\\\/Rheinhessenlogo.svg\",\"contentUrl\":\"https:\\\/\\\/rheinhessenblog.de\\\/wp-content\\\/uploads\\\/2023\\\/07\\\/Rheinhessenlogo.svg\",\"width\":85,\"height\":26,\"caption\":\"Rheinhessen-Blog\"},\"image\":{\"@id\":\"https:\\\/\\\/rheinhessenblog.de\\\/#\\\/schema\\\/logo\\\/image\\\/\"}}]}<\/script>\n<!-- \/ Yoast SEO plugin. -->","yoast_head_json":{"title":"Ontdek spannende verhalen over de wijnbelevingsregio!","description":"Van traditioneel tot hip: populaire biertuinen in Rheinhessen. Wijnverhalen in Worms: Van de Elefantenh\u00f6fe tot de Worms Vinothek.","robots":{"index":"index","follow":"follow","max-snippet":"max-snippet:-1","max-image-preview":"max-image-preview:large","max-video-preview":"max-video-preview:-1"},"canonical":"https:\/\/rheinhessenblog.de\/nl\/","og_locale":"nl_NL","og_type":"article","og_title":"Entdecke spannende Geschichten der Weinerlebnisregion!","og_description":"Von traditionell bis hipp: Beliebte Bierg\u00e4rten in Rheinhessen. Wormser Weingeschichten: Von den Elefantenh\u00f6fen bis zur Wormser Vinothek.","og_url":"https:\/\/rheinhessenblog.de\/nl\/","og_site_name":"Rheinhessen-Blog","article_modified_time":"2023-10-06T08:57:23+00:00","twitter_card":"summary_large_image","twitter_misc":{"Geschatte leestijd":"18 minuten"},"schema":{"@context":"https:\/\/schema.org","@graph":[{"@type":"WebPage","@id":"https:\/\/rheinhessenblog.de\/","url":"https:\/\/rheinhessenblog.de\/","name":"Ontdek spannende verhalen over de wijnbelevingsregio!","isPartOf":{"@id":"https:\/\/rheinhessenblog.de\/#website"},"datePublished":"2023-06-15T09:06:33+00:00","dateModified":"2023-10-06T08:57:23+00:00","description":"Van traditioneel tot hip: populaire biertuinen in Rheinhessen. Wijnverhalen in Worms: Van de Elefantenh\u00f6fe tot de Worms Vinothek.","breadcrumb":{"@id":"https:\/\/rheinhessenblog.de\/#breadcrumb"},"inLanguage":"nl-NL","potentialAction":[{"@type":"ReadAction","target":["https:\/\/rheinhessenblog.de\/"]}]},{"@type":"BreadcrumbList","@id":"https:\/\/rheinhessenblog.de\/#breadcrumb","itemListElement":[{"@type":"ListItem","position":1,"name":"Startseite","item":"https:\/\/rheinhessenblog.de\/"},{"@type":"ListItem","position":2,"name":"Start"}]},{"@type":"WebSite","@id":"https:\/\/rheinhessenblog.de\/#website","url":"https:\/\/rheinhessenblog.de\/","name":"Blog","description":"","publisher":{"@id":"https:\/\/rheinhessenblog.de\/#organization"},"potentialAction":[{"@type":"SearchAction","target":{"@type":"EntryPoint","urlTemplate":"https:\/\/rheinhessenblog.de\/?s={search_term_string}"},"query-input":{"@type":"PropertyValueSpecification","valueRequired":true,"valueName":"search_term_string"}}],"inLanguage":"nl-NL"},{"@type":"Organization","@id":"https:\/\/rheinhessenblog.de\/#organization","name":"Blog","url":"https:\/\/rheinhessenblog.de\/","logo":{"@type":"ImageObject","inLanguage":"nl-NL","@id":"https:\/\/rheinhessenblog.de\/#\/schema\/logo\/image\/","url":"https:\/\/rheinhessenblog.de\/wp-content\/uploads\/2023\/07\/Rheinhessenlogo.svg","contentUrl":"https:\/\/rheinhessenblog.de\/wp-content\/uploads\/2023\/07\/Rheinhessenlogo.svg","width":85,"height":26,"caption":"Rheinhessen-Blog"},"image":{"@id":"https:\/\/rheinhessenblog.de\/#\/schema\/logo\/image\/"}}]}},"_links":{"self":[{"href":"https:\/\/rheinhessenblog.de\/nl\/wp-json\/wp\/v2\/pages\/10670","targetHints":{"allow":["GET"]}}],"collection":[{"href":"https:\/\/rheinhessenblog.de\/nl\/wp-json\/wp\/v2\/pages"}],"about":[{"href":"https:\/\/rheinhessenblog.de\/nl\/wp-json\/wp\/v2\/types\/page"}],"author":[{"embeddable":true,"href":"https:\/\/rheinhessenblog.de\/nl\/wp-json\/wp\/v2\/users\/37"}],"replies":[{"embeddable":true,"href":"https:\/\/rheinhessenblog.de\/nl\/wp-json\/wp\/v2\/comments?post=10670"}],"version-history":[{"count":202,"href":"https:\/\/rheinhessenblog.de\/nl\/wp-json\/wp\/v2\/pages\/10670\/revisions"}],"predecessor-version":[{"id":13187,"href":"https:\/\/rheinhessenblog.de\/nl\/wp-json\/wp\/v2\/pages\/10670\/revisions\/13187"}],"wp:attachment":[{"href":"https:\/\/rheinhessenblog.de\/nl\/wp-json\/wp\/v2\/media?parent=10670"}],"curies":[{"name":"wp","href":"https:\/\/api.w.org\/{rel}","templated":true}]}}